{"id":4525,"date":"2020-01-27T11:19:49","date_gmt":"2020-01-27T10:19:49","guid":{"rendered":"http:\/\/www.arteartesania.com\/artistas\/silvia-walz\/"},"modified":"2021-03-21T12:06:35","modified_gmt":"2021-03-21T11:06:35","slug":"silvia-walz","status":"publish","type":"page","link":"https:\/\/www.arteartesania.com\/en\/artists\/silvia-walz\/","title":{"rendered":"Silvia Walz"},"content":{"rendered":"\t\t<div data-elementor-type=\"wp-page\" data-elementor-id=\"4525\" class=\"elementor elementor-4525 elementor-3252\">\n\t\t\t\t\t\t<section class=\"elementor-section elementor-top-section elementor-element elementor-element-1060435 elementor-section-stretched elementor-section-height-min-height elementor-section-boxed elementor-section-height-default elementor-section-items-middle\" data-id=\"1060435\" data-element_type=\"section\" data-settings=\"{&quot;stretch_section&quot;:&quot;section-stretched&quot;,&quot;background_background&quot;:&quot;classic&quot;}\">\n\t\t\t\t\t\t<div class=\"elementor-container elementor-column-gap-default\">\n\t\t\t\t\t<div class=\"elementor-column elementor-col-100 elementor-top-column elementor-element elementor-element-4de294b\" data-id=\"4de294b\" data-element_type=\"column\">\n\t\t\t<div class=\"elementor-widget-wrap\">\n\t\t\t\t\t\t\t<\/div>\n\t\t<\/div>\n\t\t\t\t\t<\/div>\n\t\t<\/section>\n\t\t\t\t<section class=\"elementor-section elementor-top-section elementor-element elementor-element-c1e9c0b elementor-section-full_width elementor-section-content-top elementor-reverse-mobile elementor-section-height-default elementor-section-height-default\" data-id=\"c1e9c0b\" data-element_type=\"section\">\n\t\t\t\t\t\t<div class=\"elementor-container elementor-column-gap-no\">\n\t\t\t\t\t<div class=\"elementor-column elementor-col-50 elementor-top-column elementor-element elementor-element-9773233\" data-id=\"9773233\" data-element_type=\"column\">\n\t\t\t<div class=\"elementor-widget-wrap elementor-element-populated\">\n\t\t\t\t\t\t<section class=\"elementor-section elementor-inner-section elementor-element elementor-element-b7c8dbc elementor-section-full_width elementor-section-height-default elementor-section-height-default\" data-id=\"b7c8dbc\" data-element_type=\"section\" data-settings=\"{&quot;background_background&quot;:&quot;classic&quot;}\">\n\t\t\t\t\t\t<div class=\"elementor-container elementor-column-gap-no\">\n\t\t\t\t\t<div class=\"elementor-column elementor-col-100 elementor-inner-column elementor-element elementor-element-95b8e36\" data-id=\"95b8e36\" data-element_type=\"column\">\n\t\t\t<div class=\"elementor-widget-wrap elementor-element-populated\">\n\t\t\t\t\t\t<div class=\"elementor-element elementor-element-168d406 elementor-widget elementor-widget-image\" data-id=\"168d406\" data-element_type=\"widget\" data-widget_type=\"image.default\">\n\t\t\t\t<div class=\"elementor-widget-container\">\n\t\t\t\t\t\t\t\t\t\t\t\t\t<img fetchpriority=\"high\" decoding=\"async\" width=\"600\" height=\"600\" src=\"https:\/\/www.arteartesania.com\/wp-content\/uploads\/2020\/01\/silviawaltz.jpg\" class=\"attachment-large size-large wp-image-4491\" alt=\"artistas contempor\u00e1neos actuales\" srcset=\"https:\/\/www.arteartesania.com\/wp-content\/uploads\/2020\/01\/silviawaltz.jpg 800w, https:\/\/www.arteartesania.com\/wp-content\/uploads\/2020\/01\/silviawaltz-300x300.jpg 300w, https:\/\/www.arteartesania.com\/wp-content\/uploads\/2020\/01\/silviawaltz-150x150.jpg 150w, https:\/\/www.arteartesania.com\/wp-content\/uploads\/2020\/01\/silviawaltz-768x768.jpg 768w, https:\/\/www.arteartesania.com\/wp-content\/uploads\/2020\/01\/silviawaltz-700x700.jpg 700w, https:\/\/www.arteartesania.com\/wp-content\/uploads\/2020\/01\/silviawaltz-600x600.jpg 600w, https:\/\/www.arteartesania.com\/wp-content\/uploads\/2020\/01\/silviawaltz-100x100.jpg 100w\" sizes=\"(max-width: 600px) 100vw, 600px\" \/>\t\t\t\t\t\t\t\t\t\t\t\t\t<\/div>\n\t\t\t\t<\/div>\n\t\t\t\t\t<\/div>\n\t\t<\/div>\n\t\t\t\t\t<\/div>\n\t\t<\/section>\n\t\t\t\t\t<\/div>\n\t\t<\/div>\n\t\t\t\t<div class=\"elementor-column elementor-col-50 elementor-top-column elementor-element elementor-element-43920f8\" data-id=\"43920f8\" data-element_type=\"column\" data-settings=\"{&quot;background_background&quot;:&quot;classic&quot;}\">\n\t\t\t<div class=\"elementor-widget-wrap elementor-element-populated\">\n\t\t\t\t\t\t<div class=\"elementor-element elementor-element-8a7dbdb elementor-widget elementor-widget-text-editor\" data-id=\"8a7dbdb\" data-element_type=\"widget\" data-widget_type=\"text-editor.default\">\n\t\t\t\t<div class=\"elementor-widget-container\">\n\t\t\t        <div class=\"elementor-text-editor elementor-clearfix\"><p>JEWELRY<\/p><\/div>\n        \t\t<\/div>\n\t\t\t\t<\/div>\n\t\t\t\t<div class=\"elementor-element elementor-element-d2d16e3 elementor-widget elementor-widget-text-editor\" data-id=\"d2d16e3\" data-element_type=\"widget\" data-widget_type=\"text-editor.default\">\n\t\t\t\t<div class=\"elementor-widget-container\">\n\t\t\t        <div class=\"elementor-text-editor elementor-clearfix\"><p>Silvia Walz<\/p><\/div>\n        \t\t<\/div>\n\t\t\t\t<\/div>\n\t\t\t\t<div class=\"elementor-element elementor-element-9ea0776 elementor-widget elementor-widget-spacer\" data-id=\"9ea0776\" data-element_type=\"widget\" data-widget_type=\"spacer.default\">\n\t\t\t\t<div class=\"elementor-widget-container\">\n\t\t\t        <div class=\"elementor-spacer\">\n            <div class=\"elementor-spacer-inner\"><\/div>\n        <\/div>\n\t\t\t\t<\/div>\n\t\t\t\t<\/div>\n\t\t\t\t<div class=\"elementor-element elementor-element-da8f4d4 elementor-widget elementor-widget-text-editor\" data-id=\"da8f4d4\" data-element_type=\"widget\" data-widget_type=\"text-editor.default\">\n\t\t\t\t<div class=\"elementor-widget-container\">\n\t\t\t        <div class=\"elementor-text-editor elementor-clearfix\"><\/div>\n        \t\t<\/div>\n\t\t\t\t<\/div>\n\t\t\t\t<div class=\"elementor-element elementor-element-4497dc0 elementor-widget elementor-widget-spacer\" data-id=\"4497dc0\" data-element_type=\"widget\" data-widget_type=\"spacer.default\">\n\t\t\t\t<div class=\"elementor-widget-container\">\n\t\t\t        <div class=\"elementor-spacer\">\n            <div class=\"elementor-spacer-inner\"><\/div>\n        <\/div>\n\t\t\t\t<\/div>\n\t\t\t\t<\/div>\n\t\t\t\t<section class=\"elementor-section elementor-inner-section elementor-element elementor-element-6bf593e elementor-section-boxed elementor-section-height-default elementor-section-height-default\" data-id=\"6bf593e\" data-element_type=\"section\">\n\t\t\t\t\t\t<div class=\"elementor-container elementor-column-gap-default\">\n\t\t\t\t\t<div class=\"elementor-column elementor-col-50 elementor-inner-column elementor-element elementor-element-c26bf3d\" data-id=\"c26bf3d\" data-element_type=\"column\">\n\t\t\t<div class=\"elementor-widget-wrap elementor-element-populated\">\n\t\t\t\t\t\t<div class=\"elementor-element elementor-element-2e9b9f0 elementor-button-outline_dark elementor-align-left animated-fast elementor-invisible elementor-widget elementor-widget-button\" data-id=\"2e9b9f0\" data-element_type=\"widget\" data-settings=\"{&quot;_animation&quot;:&quot;opal-scale-up&quot;}\" data-widget_type=\"button.default\">\n\t\t\t\t<div class=\"elementor-widget-container\">\n\t\t\t        <div class=\"elementor-button-wrapper\">\n            <a href=\"#curriculum\" class=\"elementor-button-link elementor-button elementor-size-xs\" role=\"button\">\n                \t\t<span class=\"elementor-button-content-wrapper\">\n\t\t\t\t\t\t\t\t\t<span class=\"elementor-button-text\">CV \/ TRAJECTORY<\/span>\n\t\t\t\t\t<\/span>\n\t\t            <\/a>\n        <\/div>\n        \t\t<\/div>\n\t\t\t\t<\/div>\n\t\t\t\t\t<\/div>\n\t\t<\/div>\n\t\t\t\t<div class=\"elementor-column elementor-col-50 elementor-inner-column elementor-element elementor-element-942a40f\" data-id=\"942a40f\" data-element_type=\"column\">\n\t\t\t<div class=\"elementor-widget-wrap elementor-element-populated\">\n\t\t\t\t\t\t<div class=\"elementor-element elementor-element-71341b9 elementor-button-outline_dark elementor-align-left animated-fast elementor-invisible elementor-widget elementor-widget-button\" data-id=\"71341b9\" data-element_type=\"widget\" data-settings=\"{&quot;_animation&quot;:&quot;opal-scale-up&quot;}\" data-widget_type=\"button.default\">\n\t\t\t\t<div class=\"elementor-widget-container\">\n\t\t\t        <div class=\"elementor-button-wrapper\">\n            <a href=\"#productos\" class=\"elementor-button-link elementor-button elementor-size-xs\" role=\"button\">\n                \t\t<span class=\"elementor-button-content-wrapper\">\n\t\t\t\t\t\t\t\t\t<span class=\"elementor-button-text\">PRODUCTS<\/span>\n\t\t\t\t\t<\/span>\n\t\t            <\/a>\n        <\/div>\n        \t\t<\/div>\n\t\t\t\t<\/div>\n\t\t\t\t\t<\/div>\n\t\t<\/div>\n\t\t\t\t\t<\/div>\n\t\t<\/section>\n\t\t\t\t\t<\/div>\n\t\t<\/div>\n\t\t\t\t\t<\/div>\n\t\t<\/section>\n\t\t\t\t<section class=\"elementor-section elementor-top-section elementor-element elementor-element-99b61e9 elementor-section-stretched elementor-section-content-top elementor-section-boxed elementor-section-height-default elementor-section-height-default\" data-id=\"99b61e9\" data-element_type=\"section\" id=\"curriculum\" data-settings=\"{&quot;stretch_section&quot;:&quot;section-stretched&quot;,&quot;background_background&quot;:&quot;classic&quot;}\">\n\t\t\t\t\t\t<div class=\"elementor-container elementor-column-gap-wider\">\n\t\t\t\t\t<div class=\"elementor-column elementor-col-100 elementor-top-column elementor-element elementor-element-b3f1641\" data-id=\"b3f1641\" data-element_type=\"column\">\n\t\t\t<div class=\"elementor-widget-wrap elementor-element-populated\">\n\t\t\t\t\t\t<div class=\"elementor-element elementor-element-06e318c elementor-widget__width-inherit animated-fast elementor-widget-mobile__width-inherit elementor-invisible elementor-widget elementor-widget-heading\" data-id=\"06e318c\" data-element_type=\"widget\" data-settings=\"{&quot;_animation&quot;:&quot;opal-move-up&quot;}\" data-widget_type=\"heading.default\">\n\t\t\t\t<div class=\"elementor-widget-container\">\n\t\t\t<div class=\"elementor-heading-wrapper\" ><span class=\"sub-title\">cv \/ TRAJECTORY<\/span><div class=\"elementor-heading-wrapper-inner\"><h2 class=\"elementor-heading-title elementor-size-default\">Silvia Walz<\/h2><\/div><\/div>\t\t<\/div>\n\t\t\t\t<\/div>\n\t\t\t\t<div class=\"elementor-element elementor-element-33fd9f4 animated-fast elementor-invisible elementor-widget elementor-widget-text-editor\" data-id=\"33fd9f4\" data-element_type=\"widget\" data-settings=\"{&quot;_animation&quot;:&quot;opal-move-up&quot;}\" data-widget_type=\"text-editor.default\">\n\t\t\t\t<div class=\"elementor-widget-container\">\n\t\t\t        <div class=\"elementor-text-editor elementor-clearfix\"><ul><li>1985 &#8211; 91 University of Applied Sciences Hildesheim, metal design, Germany<\/li><li>1988 &#8211; 89 Studies at Escola Massana, Barcelona, Spain<\/li><li>1990 &#8211; 91 Diploma at Fh &#8211; Hildesheim<\/li><li>Since 1988 living and working in Spain<\/li><li>1994 &#8211; 2017 teaching at &#8220;Escola Massana&#8221;, Barcelona, Spain<\/li><li>1996 &#8211; 98 Membership in artist group Asaco, Vilanova i la Geltr\u00f9, Spain<\/li><li>1997 Simposium Turnow, Tchequia<\/li><li>2000 Video &#8211; production \u201cPaz- Ciencia\u201d<\/li><li>2005 Symposium Gdansk, Poland<\/li><li>2007 Lecture Oporto, Reanima la Filigrana, Portugal<\/li><li>Lectura Talin University, Estonia<\/li><li>Since 2008 Coordination of the Project \u201cJoyas Sensacionales\u201d, Taller Perill, Barcelona<\/li><li>2009 Lecture in Birmingham University, United Kingdom. Lecture Montreal<\/li><li>Since 2014 Coordination of Sala Perill (Space for exhibitions), Barcelona<\/li><li>2014 enamel workshop with Elisabeth Turell in Erfurt<\/li><\/ul><\/div>\n        \t\t<\/div>\n\t\t\t\t<\/div>\n\t\t\t\t\t<\/div>\n\t\t<\/div>\n\t\t\t\t\t<\/div>\n\t\t<\/section>\n\t\t\t\t<section class=\"elementor-section elementor-top-section elementor-element elementor-element-e669e7f elementor-section-boxed elementor-section-height-default elementor-section-height-default\" data-id=\"e669e7f\" data-element_type=\"section\" id=\"productos\" data-settings=\"{&quot;background_background&quot;:&quot;classic&quot;}\">\n\t\t\t\t\t\t\t<div class=\"elementor-background-overlay\"><\/div>\n\t\t\t\t\t\t\t<div class=\"elementor-container elementor-column-gap-no\">\n\t\t\t\t\t<div class=\"elementor-column elementor-col-100 elementor-top-column elementor-element elementor-element-8602f2e animated-fast elementor-invisible\" data-id=\"8602f2e\" data-element_type=\"column\" data-settings=\"{&quot;background_background&quot;:&quot;classic&quot;,&quot;animation&quot;:&quot;opal-move-left&quot;}\">\n\t\t\t<div class=\"elementor-widget-wrap elementor-element-populated\">\n\t\t\t\t\t\t<div class=\"elementor-element elementor-element-547a3ca elementor-widget elementor-widget-heading\" data-id=\"547a3ca\" data-element_type=\"widget\" data-widget_type=\"heading.default\">\n\t\t\t\t<div class=\"elementor-widget-container\">\n\t\t\t<div class=\"elementor-heading-wrapper\" ><div class=\"elementor-heading-wrapper-inner\"><h2 class=\"elementor-heading-title elementor-size-default\">Productos de Silvia Walz<\/h2><\/div><\/div>\t\t<\/div>\n\t\t\t\t<\/div>\n\t\t\t\t<div class=\"elementor-element elementor-element-e959c27 elementor-widget elementor-widget-text-editor\" data-id=\"e959c27\" data-element_type=\"widget\" data-widget_type=\"text-editor.default\">\n\t\t\t\t<div class=\"elementor-widget-container\">\n\t\t\t        <div class=\"elementor-text-editor elementor-clearfix\"><p>Estos son algunos productos de Silvia Walz, si quiere ver m\u00e1s puede ir a la Tienda Online.<\/p><\/div>\n        \t\t<\/div>\n\t\t\t\t<\/div>\n\t\t\t\t\t<\/div>\n\t\t<\/div>\n\t\t\t\t\t<\/div>\n\t\t<\/section>\n\t\t\t\t<section class=\"elementor-section elementor-top-section elementor-element elementor-element-b1bd32c elementor-section-full_width elementor-section-height-default elementor-section-height-default\" data-id=\"b1bd32c\" data-element_type=\"section\">\n\t\t\t\t\t\t<div class=\"elementor-container elementor-column-gap-default\">\n\t\t\t\t\t<div class=\"elementor-column elementor-col-100 elementor-top-column elementor-element elementor-element-a01a112\" data-id=\"a01a112\" data-element_type=\"column\">\n\t\t\t<div class=\"elementor-widget-wrap elementor-element-populated\">\n\t\t\t\t\t\t<div class=\"elementor-element elementor-element-ca0fedb owl-nav-align-right elementor-widget elementor-widget-opal-products\" data-id=\"ca0fedb\" data-element_type=\"widget\" data-widget_type=\"opal-products.default\">\n\t\t\t\t<div class=\"elementor-widget-container\">\n\t\t\t<div class=\"woocommerce columns-3 elementor-product-style-grid\"><ul class=\"products columns-3\">\n<li class=\"product type-product post-7132 status-publish first instock product_cat-artists product_cat-bangles product_cat-jewelry product_cat-silviawalz product_tag-carlostellechea-soller-mallorca-joyeria-arteartesania-en has-post-thumbnail shipping-taxable purchasable product-type-simple\">\n\t<div class=\"product-block\"><div class=\"product-transition\"><div class=\"product-img-wrap none\">\n    <div class=\"inner\">\n        <div class=\"product-image\"><img decoding=\"async\" width=\"300\" height=\"300\" data-src=\"https:\/\/www.arteartesania.com\/wp-content\/uploads\/2020\/06\/BRAZALETE-VERDE-ESMALTE-SILVIA-WALZ.-3-1-300x300.jpg\" class=\"attachment-woocommerce_thumbnail size-woocommerce_thumbnail lazyload\" alt=\"BRAZALETE VERDE ESMALTE SILVIA WALZ. 2\" data-srcset=\"https:\/\/www.arteartesania.com\/wp-content\/uploads\/2020\/06\/BRAZALETE-VERDE-ESMALTE-SILVIA-WALZ.-3-1-300x300.jpg 300w, https:\/\/www.arteartesania.com\/wp-content\/uploads\/2020\/06\/BRAZALETE-VERDE-ESMALTE-SILVIA-WALZ.-3-1-150x150.jpg 150w, https:\/\/www.arteartesania.com\/wp-content\/uploads\/2020\/06\/BRAZALETE-VERDE-ESMALTE-SILVIA-WALZ.-3-1-100x100.jpg 100w\" data-sizes=\"(max-width: 300px) 100vw, 300px\" src=\"data:image\/gif;base64,R0lGODlhAQABAAAAACH5BAEKAAEALAAAAAABAAEAAAICTAEAOw==\" style=\"--smush-placeholder-width: 300px; --smush-placeholder-aspect-ratio: 300\/300;\" \/><noscript><img decoding=\"async\" width=\"300\" height=\"300\" src=\"https:\/\/www.arteartesania.com\/wp-content\/uploads\/2020\/06\/BRAZALETE-VERDE-ESMALTE-SILVIA-WALZ.-3-1-300x300.jpg\" class=\"attachment-woocommerce_thumbnail size-woocommerce_thumbnail\" alt=\"BRAZALETE VERDE ESMALTE SILVIA WALZ. 2\" srcset=\"https:\/\/www.arteartesania.com\/wp-content\/uploads\/2020\/06\/BRAZALETE-VERDE-ESMALTE-SILVIA-WALZ.-3-1-300x300.jpg 300w, https:\/\/www.arteartesania.com\/wp-content\/uploads\/2020\/06\/BRAZALETE-VERDE-ESMALTE-SILVIA-WALZ.-3-1-150x150.jpg 150w, https:\/\/www.arteartesania.com\/wp-content\/uploads\/2020\/06\/BRAZALETE-VERDE-ESMALTE-SILVIA-WALZ.-3-1-100x100.jpg 100w\" sizes=\"(max-width: 300px) 100vw, 300px\" \/><\/noscript><\/div><div class=\"product-image second-image\"><img decoding=\"async\" width=\"300\" height=\"300\" data-src=\"https:\/\/www.arteartesania.com\/wp-content\/uploads\/2020\/06\/BRAZALETE-VERDE-ESMALTE-SILVIA-WALZ.-4-300x300.jpg\" class=\"attachment-woocommerce_thumbnail size-woocommerce_thumbnail lazyload\" alt=\"BRAZALETE VERDE ESMALTE SILVIA WALZ. 4\" data-srcset=\"https:\/\/www.arteartesania.com\/wp-content\/uploads\/2020\/06\/BRAZALETE-VERDE-ESMALTE-SILVIA-WALZ.-4-300x300.jpg 300w, https:\/\/www.arteartesania.com\/wp-content\/uploads\/2020\/06\/BRAZALETE-VERDE-ESMALTE-SILVIA-WALZ.-4-150x150.jpg 150w, https:\/\/www.arteartesania.com\/wp-content\/uploads\/2020\/06\/BRAZALETE-VERDE-ESMALTE-SILVIA-WALZ.-4-100x100.jpg 100w\" data-sizes=\"(max-width: 300px) 100vw, 300px\" src=\"data:image\/gif;base64,R0lGODlhAQABAAAAACH5BAEKAAEALAAAAAABAAEAAAICTAEAOw==\" style=\"--smush-placeholder-width: 300px; --smush-placeholder-aspect-ratio: 300\/300;\" \/><noscript><img decoding=\"async\" width=\"300\" height=\"300\" src=\"https:\/\/www.arteartesania.com\/wp-content\/uploads\/2020\/06\/BRAZALETE-VERDE-ESMALTE-SILVIA-WALZ.-4-300x300.jpg\" class=\"attachment-woocommerce_thumbnail size-woocommerce_thumbnail\" alt=\"BRAZALETE VERDE ESMALTE SILVIA WALZ. 4\" srcset=\"https:\/\/www.arteartesania.com\/wp-content\/uploads\/2020\/06\/BRAZALETE-VERDE-ESMALTE-SILVIA-WALZ.-4-300x300.jpg 300w, https:\/\/www.arteartesania.com\/wp-content\/uploads\/2020\/06\/BRAZALETE-VERDE-ESMALTE-SILVIA-WALZ.-4-150x150.jpg 150w, https:\/\/www.arteartesania.com\/wp-content\/uploads\/2020\/06\/BRAZALETE-VERDE-ESMALTE-SILVIA-WALZ.-4-100x100.jpg 100w\" sizes=\"(max-width: 300px) 100vw, 300px\" \/><\/noscript><\/div>\n    <\/div>\n<\/div>        <div class=\"group-action\">\n            <div class=\"shop-action\">\n                <div class=\"opal-add-to-cart-button\"><a href=\"?add-to-cart=7132\" aria-describedby=\"woocommerce_loop_add_to_cart_link_describedby_7132\" data-quantity=\"1\" class=\"button product_type_simple add_to_cart_button ajax_add_to_cart\" data-product_id=\"7132\" data-product_sku=\"\" aria-label=\"Add to cart: &ldquo;GREEN BLACK bracelet  Enamelled steel.   Handmade by SILVIA WALZ&rdquo;\" rel=\"nofollow\" data-success_message=\"&ldquo;GREEN BLACK bracelet  Enamelled steel.   Handmade by SILVIA WALZ&rdquo; has been added to your cart\">Add to cart<\/a><\/div>\t<span id=\"woocommerce_loop_add_to_cart_link_describedby_7132\" class=\"screen-reader-text\">\n\t\t\t<\/span>\n            <\/div>\n        <\/div>\n        <a href=\"https:\/\/www.arteartesania.com\/en\/product\/green-black-bracelet-enamelled-steel-handmade-by-silvia-walz\/\" class=\"woocommerce-LoopProduct-link woocommerce-loop-product__link\"><\/a><\/div><div class=\"caption\"><h3 class=\"woocommerce-loop-product__title\"><a href=\"https:\/\/www.arteartesania.com\/en\/product\/green-black-bracelet-enamelled-steel-handmade-by-silvia-walz\/\">GREEN BLACK bracelet  Enamelled steel.   Handmade by SILVIA WALZ<\/a><\/h3>\n\t<span class=\"price\"><span class=\"woocommerce-Price-amount amount\"><bdi>315.00<span class=\"woocommerce-Price-currencySymbol\">&euro;<\/span><\/bdi><\/span><\/span>\n<\/div><\/div><\/li>\n<li class=\"product type-product post-7101 status-publish instock product_cat-earrings product_cat-jewelry product_cat-necklaces product_cat-silviawalz product_tag-carlostellechea-soller-mallorca-joyeria-arteartesania-en product_tag-silviawalz-2-en has-post-thumbnail shipping-taxable purchasable product-type-simple\">\n\t<div class=\"product-block\"><div class=\"product-transition\"><div class=\"product-img-wrap none\">\n    <div class=\"inner\">\n        <div class=\"product-image\"><img loading=\"lazy\" decoding=\"async\" width=\"300\" height=\"300\" data-src=\"https:\/\/www.arteartesania.com\/wp-content\/uploads\/2020\/06\/CONJUNTO-COLG-Y-PEND-ESMALTE-SILVIA-WALZ-300x300.jpg\" class=\"attachment-woocommerce_thumbnail size-woocommerce_thumbnail lazyload\" alt=\"\" data-srcset=\"https:\/\/www.arteartesania.com\/wp-content\/uploads\/2020\/06\/CONJUNTO-COLG-Y-PEND-ESMALTE-SILVIA-WALZ-300x300.jpg 300w, https:\/\/www.arteartesania.com\/wp-content\/uploads\/2020\/06\/CONJUNTO-COLG-Y-PEND-ESMALTE-SILVIA-WALZ-150x150.jpg 150w, https:\/\/www.arteartesania.com\/wp-content\/uploads\/2020\/06\/CONJUNTO-COLG-Y-PEND-ESMALTE-SILVIA-WALZ-100x100.jpg 100w\" data-sizes=\"(max-width: 300px) 100vw, 300px\" src=\"data:image\/gif;base64,R0lGODlhAQABAAAAACH5BAEKAAEALAAAAAABAAEAAAICTAEAOw==\" style=\"--smush-placeholder-width: 300px; --smush-placeholder-aspect-ratio: 300\/300;\" \/><noscript><img loading=\"lazy\" decoding=\"async\" width=\"300\" height=\"300\" src=\"https:\/\/www.arteartesania.com\/wp-content\/uploads\/2020\/06\/CONJUNTO-COLG-Y-PEND-ESMALTE-SILVIA-WALZ-300x300.jpg\" class=\"attachment-woocommerce_thumbnail size-woocommerce_thumbnail\" alt=\"\" srcset=\"https:\/\/www.arteartesania.com\/wp-content\/uploads\/2020\/06\/CONJUNTO-COLG-Y-PEND-ESMALTE-SILVIA-WALZ-300x300.jpg 300w, https:\/\/www.arteartesania.com\/wp-content\/uploads\/2020\/06\/CONJUNTO-COLG-Y-PEND-ESMALTE-SILVIA-WALZ-150x150.jpg 150w, https:\/\/www.arteartesania.com\/wp-content\/uploads\/2020\/06\/CONJUNTO-COLG-Y-PEND-ESMALTE-SILVIA-WALZ-100x100.jpg 100w\" sizes=\"(max-width: 300px) 100vw, 300px\" \/><\/noscript><\/div><div class=\"product-image second-image\"><img loading=\"lazy\" decoding=\"async\" width=\"300\" height=\"300\" data-src=\"https:\/\/www.arteartesania.com\/wp-content\/uploads\/2020\/06\/CONJUNTO-COLG-Y-PEND-ESMALTE-SILVIA-WALZ.-1-300x300.jpg\" class=\"attachment-woocommerce_thumbnail size-woocommerce_thumbnail lazyload\" alt=\"\" data-srcset=\"https:\/\/www.arteartesania.com\/wp-content\/uploads\/2020\/06\/CONJUNTO-COLG-Y-PEND-ESMALTE-SILVIA-WALZ.-1-300x300.jpg 300w, https:\/\/www.arteartesania.com\/wp-content\/uploads\/2020\/06\/CONJUNTO-COLG-Y-PEND-ESMALTE-SILVIA-WALZ.-1-150x150.jpg 150w, https:\/\/www.arteartesania.com\/wp-content\/uploads\/2020\/06\/CONJUNTO-COLG-Y-PEND-ESMALTE-SILVIA-WALZ.-1-100x100.jpg 100w\" data-sizes=\"(max-width: 300px) 100vw, 300px\" src=\"data:image\/gif;base64,R0lGODlhAQABAAAAACH5BAEKAAEALAAAAAABAAEAAAICTAEAOw==\" style=\"--smush-placeholder-width: 300px; --smush-placeholder-aspect-ratio: 300\/300;\" \/><noscript><img loading=\"lazy\" decoding=\"async\" width=\"300\" height=\"300\" src=\"https:\/\/www.arteartesania.com\/wp-content\/uploads\/2020\/06\/CONJUNTO-COLG-Y-PEND-ESMALTE-SILVIA-WALZ.-1-300x300.jpg\" class=\"attachment-woocommerce_thumbnail size-woocommerce_thumbnail\" alt=\"\" srcset=\"https:\/\/www.arteartesania.com\/wp-content\/uploads\/2020\/06\/CONJUNTO-COLG-Y-PEND-ESMALTE-SILVIA-WALZ.-1-300x300.jpg 300w, https:\/\/www.arteartesania.com\/wp-content\/uploads\/2020\/06\/CONJUNTO-COLG-Y-PEND-ESMALTE-SILVIA-WALZ.-1-150x150.jpg 150w, https:\/\/www.arteartesania.com\/wp-content\/uploads\/2020\/06\/CONJUNTO-COLG-Y-PEND-ESMALTE-SILVIA-WALZ.-1-100x100.jpg 100w\" sizes=\"(max-width: 300px) 100vw, 300px\" \/><\/noscript><\/div>\n    <\/div>\n<\/div>        <div class=\"group-action\">\n            <div class=\"shop-action\">\n                <div class=\"opal-add-to-cart-button\"><a href=\"?add-to-cart=7101\" aria-describedby=\"woocommerce_loop_add_to_cart_link_describedby_7101\" data-quantity=\"1\" class=\"button product_type_simple add_to_cart_button ajax_add_to_cart\" data-product_id=\"7101\" data-product_sku=\"\" aria-label=\"Add to cart: &ldquo;Articulated Earrings Necklace Set       Enamel on Steel        Silvia Walz&rdquo;\" rel=\"nofollow\" data-success_message=\"&ldquo;Articulated Earrings Necklace Set       Enamel on Steel        Silvia Walz&rdquo; has been added to your cart\">Add to cart<\/a><\/div>\t<span id=\"woocommerce_loop_add_to_cart_link_describedby_7101\" class=\"screen-reader-text\">\n\t\t\t<\/span>\n            <\/div>\n        <\/div>\n        <a href=\"https:\/\/www.arteartesania.com\/en\/product\/articulated-earrings-necklace-set-enamel-on-steel-silvia-walz\/\" class=\"woocommerce-LoopProduct-link woocommerce-loop-product__link\"><\/a><\/div><div class=\"caption\"><h3 class=\"woocommerce-loop-product__title\"><a href=\"https:\/\/www.arteartesania.com\/en\/product\/articulated-earrings-necklace-set-enamel-on-steel-silvia-walz\/\">Articulated Earrings Necklace Set       Enamel on Steel        Silvia Walz<\/a><\/h3>\n\t<span class=\"price\"><span class=\"woocommerce-Price-amount amount\"><bdi>390.00<span class=\"woocommerce-Price-currencySymbol\">&euro;<\/span><\/bdi><\/span><\/span>\n<\/div><\/div><\/li>\n<li class=\"product type-product post-6988 status-publish last instock product_cat-bangles product_cat-jewelry product_cat-silviawalz product_tag-carlostellechea-soller-mallorca-joyeria-arteartesania-en product_tag-silviawalz-2-en has-post-thumbnail shipping-taxable purchasable product-type-simple\">\n\t<div class=\"product-block\"><div class=\"product-transition\"><div class=\"product-img-wrap none\">\n    <div class=\"inner\">\n        <div class=\"product-image\"><img loading=\"lazy\" decoding=\"async\" width=\"300\" height=\"300\" data-src=\"https:\/\/www.arteartesania.com\/wp-content\/uploads\/2020\/05\/IMG_1610-300x300.jpg\" class=\"attachment-woocommerce_thumbnail size-woocommerce_thumbnail lazyload\" alt=\"Brazalete NEGRO AZUL SILVIA WALZ\" data-srcset=\"https:\/\/www.arteartesania.com\/wp-content\/uploads\/2020\/05\/IMG_1610-300x300.jpg 300w, https:\/\/www.arteartesania.com\/wp-content\/uploads\/2020\/05\/IMG_1610-150x150.jpg 150w, https:\/\/www.arteartesania.com\/wp-content\/uploads\/2020\/05\/IMG_1610-100x100.jpg 100w\" data-sizes=\"(max-width: 300px) 100vw, 300px\" src=\"data:image\/gif;base64,R0lGODlhAQABAAAAACH5BAEKAAEALAAAAAABAAEAAAICTAEAOw==\" style=\"--smush-placeholder-width: 300px; --smush-placeholder-aspect-ratio: 300\/300;\" \/><noscript><img loading=\"lazy\" decoding=\"async\" width=\"300\" height=\"300\" src=\"https:\/\/www.arteartesania.com\/wp-content\/uploads\/2020\/05\/IMG_1610-300x300.jpg\" class=\"attachment-woocommerce_thumbnail size-woocommerce_thumbnail\" alt=\"Brazalete NEGRO AZUL SILVIA WALZ\" srcset=\"https:\/\/www.arteartesania.com\/wp-content\/uploads\/2020\/05\/IMG_1610-300x300.jpg 300w, https:\/\/www.arteartesania.com\/wp-content\/uploads\/2020\/05\/IMG_1610-150x150.jpg 150w, https:\/\/www.arteartesania.com\/wp-content\/uploads\/2020\/05\/IMG_1610-100x100.jpg 100w\" sizes=\"(max-width: 300px) 100vw, 300px\" \/><\/noscript><\/div><div class=\"product-image second-image\"><img loading=\"lazy\" decoding=\"async\" width=\"300\" height=\"300\" data-src=\"https:\/\/www.arteartesania.com\/wp-content\/uploads\/2020\/05\/IMG_1607-300x300.jpg\" class=\"attachment-woocommerce_thumbnail size-woocommerce_thumbnail lazyload\" alt=\"Brazalete NEGRO AZUL SILVIA WALZ\" data-srcset=\"https:\/\/www.arteartesania.com\/wp-content\/uploads\/2020\/05\/IMG_1607-300x300.jpg 300w, https:\/\/www.arteartesania.com\/wp-content\/uploads\/2020\/05\/IMG_1607-150x150.jpg 150w, https:\/\/www.arteartesania.com\/wp-content\/uploads\/2020\/05\/IMG_1607-100x100.jpg 100w\" data-sizes=\"(max-width: 300px) 100vw, 300px\" src=\"data:image\/gif;base64,R0lGODlhAQABAAAAACH5BAEKAAEALAAAAAABAAEAAAICTAEAOw==\" style=\"--smush-placeholder-width: 300px; --smush-placeholder-aspect-ratio: 300\/300;\" \/><noscript><img loading=\"lazy\" decoding=\"async\" width=\"300\" height=\"300\" src=\"https:\/\/www.arteartesania.com\/wp-content\/uploads\/2020\/05\/IMG_1607-300x300.jpg\" class=\"attachment-woocommerce_thumbnail size-woocommerce_thumbnail\" alt=\"Brazalete NEGRO AZUL SILVIA WALZ\" srcset=\"https:\/\/www.arteartesania.com\/wp-content\/uploads\/2020\/05\/IMG_1607-300x300.jpg 300w, https:\/\/www.arteartesania.com\/wp-content\/uploads\/2020\/05\/IMG_1607-150x150.jpg 150w, https:\/\/www.arteartesania.com\/wp-content\/uploads\/2020\/05\/IMG_1607-100x100.jpg 100w\" sizes=\"(max-width: 300px) 100vw, 300px\" \/><\/noscript><\/div>\n    <\/div>\n<\/div>        <div class=\"group-action\">\n            <div class=\"shop-action\">\n                <div class=\"opal-add-to-cart-button\"><a href=\"?add-to-cart=6988\" aria-describedby=\"woocommerce_loop_add_to_cart_link_describedby_6988\" data-quantity=\"1\" class=\"button product_type_simple add_to_cart_button ajax_add_to_cart\" data-product_id=\"6988\" data-product_sku=\"\" aria-label=\"Add to cart: &ldquo;BLACK BLUE bracelet   Enamelled Steel  SILVIA WALZ&rdquo;\" rel=\"nofollow\" data-success_message=\"&ldquo;BLACK BLUE bracelet   Enamelled Steel  SILVIA WALZ&rdquo; has been added to your cart\">Add to cart<\/a><\/div>\t<span id=\"woocommerce_loop_add_to_cart_link_describedby_6988\" class=\"screen-reader-text\">\n\t\t\t<\/span>\n            <\/div>\n        <\/div>\n        <a href=\"https:\/\/www.arteartesania.com\/en\/product\/black-blue-bracelet-enamelled-steel-silvia-walz\/\" class=\"woocommerce-LoopProduct-link woocommerce-loop-product__link\"><\/a><\/div><div class=\"caption\"><h3 class=\"woocommerce-loop-product__title\"><a href=\"https:\/\/www.arteartesania.com\/en\/product\/black-blue-bracelet-enamelled-steel-silvia-walz\/\">BLACK BLUE bracelet   Enamelled Steel  SILVIA WALZ<\/a><\/h3>\n\t<span class=\"price\"><span class=\"woocommerce-Price-amount amount\"><bdi>350.00<span class=\"woocommerce-Price-currencySymbol\">&euro;<\/span><\/bdi><\/span><\/span>\n<\/div><\/div><\/li>\n<\/ul>\n<\/div>\t\t<\/div>\n\t\t\t\t<\/div>\n\t\t\t\t\t<\/div>\n\t\t<\/div>\n\t\t\t\t\t<\/div>\n\t\t<\/section>\n\t\t\t\t<section class=\"elementor-section elementor-top-section elementor-element elementor-element-f7b8c3b elementor-section-boxed elementor-section-height-default elementor-section-height-default\" data-id=\"f7b8c3b\" data-element_type=\"section\" data-settings=\"{&quot;background_background&quot;:&quot;classic&quot;}\">\n\t\t\t\t\t\t\t<div class=\"elementor-background-overlay\"><\/div>\n\t\t\t\t\t\t\t<div class=\"elementor-container elementor-column-gap-no\">\n\t\t\t\t\t<div class=\"elementor-column elementor-col-100 elementor-top-column elementor-element elementor-element-c6d095a animated-fast elementor-invisible\" data-id=\"c6d095a\" data-element_type=\"column\" data-settings=\"{&quot;background_background&quot;:&quot;classic&quot;,&quot;animation&quot;:&quot;opal-move-left&quot;}\">\n\t\t\t<div class=\"elementor-widget-wrap elementor-element-populated\">\n\t\t\t\t\t\t<div class=\"elementor-element elementor-element-bbe8722 elementor-button-outline_dark elementor-align-center elementor-widget elementor-widget-button\" data-id=\"bbe8722\" data-element_type=\"widget\" data-widget_type=\"button.default\">\n\t\t\t\t<div class=\"elementor-widget-container\">\n\t\t\t        <div class=\"elementor-button-wrapper\">\n            <a href=\"https:\/\/www.arteartesania.com\/en\/product-category\/artists\/silviawalz\/\" class=\"elementor-button-link elementor-button elementor-size-sm\" role=\"button\">\n                \t\t<span class=\"elementor-button-content-wrapper\">\n\t\t\t\t\t\t\t\t\t<span class=\"elementor-button-text\">See all products of Silvia Walz<\/span>\n\t\t\t\t\t<\/span>\n\t\t            <\/a>\n        <\/div>\n        \t\t<\/div>\n\t\t\t\t<\/div>\n\t\t\t\t\t<\/div>\n\t\t<\/div>\n\t\t\t\t\t<\/div>\n\t\t<\/section>\n\t\t\t\t<section class=\"elementor-section elementor-top-section elementor-element elementor-element-4dcc900 elementor-section-stretched elementor-section-boxed elementor-section-height-default elementor-section-height-default\" data-id=\"4dcc900\" data-element_type=\"section\" data-settings=\"{&quot;background_background&quot;:&quot;classic&quot;,&quot;stretch_section&quot;:&quot;section-stretched&quot;}\">\n\t\t\t\t\t\t\t<div class=\"elementor-background-overlay\"><\/div>\n\t\t\t\t\t\t\t<div class=\"elementor-container elementor-column-gap-no\">\n\t\t\t\t\t<div class=\"elementor-column elementor-col-100 elementor-top-column elementor-element elementor-element-7d96370 animated-fast elementor-invisible\" data-id=\"7d96370\" data-element_type=\"column\" data-settings=\"{&quot;background_background&quot;:&quot;classic&quot;,&quot;animation&quot;:&quot;opal-move-left&quot;}\">\n\t\t\t<div class=\"elementor-widget-wrap elementor-element-populated\">\n\t\t\t\t\t\t<div class=\"elementor-element elementor-element-ecc81bb elementor-widget elementor-widget-heading\" data-id=\"ecc81bb\" data-element_type=\"widget\" data-widget_type=\"heading.default\">\n\t\t\t\t<div class=\"elementor-widget-container\">\n\t\t\t<div class=\"elementor-heading-wrapper\" ><div class=\"elementor-heading-wrapper-inner\"><h2 class=\"elementor-heading-title elementor-size-default\">Exhibitions<\/h2><\/div><\/div>\t\t<\/div>\n\t\t\t\t<\/div>\n\t\t\t\t<div class=\"elementor-element elementor-element-b6eda64 elementor-widget elementor-widget-text-editor\" data-id=\"b6eda64\" data-element_type=\"widget\" data-widget_type=\"text-editor.default\">\n\t\t\t\t<div class=\"elementor-widget-container\">\n\t\t\t        <div class=\"elementor-text-editor elementor-clearfix\"><p>Silvia Walz latest exhibitions<\/p><\/div>\n        \t\t<\/div>\n\t\t\t\t<\/div>\n\t\t\t\t<div class=\"elementor-element elementor-element-dbe6e69 elementor-widget elementor-widget-opal-post-grid\" data-id=\"dbe6e69\" data-element_type=\"widget\" data-widget_type=\"opal-post-grid.default\">\n\t\t\t\t<div class=\"elementor-widget-container\">\n\t\t\t        <div class=\"elementor-post-wrapper post-style-1\">\n            <div class=\"row\" data-elementor-columns=\"3\" data-elementor-columns-tablet=\"1\" data-elementor-columns-mobile=\"1\">\n\n                <div class=\"column-item post-style-1\">\n    <div class=\"post-inner\">\n\n                    <div class=\"post-thumbnail\">\n                <a href=\"https:\/\/www.arteartesania.com\/en\/joint-exhibition-silvia-walz-and-ramon-puig\/\">\n                    <img loading=\"lazy\" decoding=\"async\" width=\"1000\" height=\"667\" data-src=\"https:\/\/www.arteartesania.com\/wp-content\/uploads\/2020\/01\/RAMON-Y-SILVIA.jpg\" class=\"attachment-quapa-featured-image-full size-quapa-featured-image-full wp-post-image lazyload\" alt=\"Ram\u00f3n Puig Cuy\u00e1s joyas\" data-srcset=\"https:\/\/www.arteartesania.com\/wp-content\/uploads\/2020\/01\/RAMON-Y-SILVIA.jpg 1000w, https:\/\/www.arteartesania.com\/wp-content\/uploads\/2020\/01\/RAMON-Y-SILVIA-300x200.jpg 300w, https:\/\/www.arteartesania.com\/wp-content\/uploads\/2020\/01\/RAMON-Y-SILVIA-768x512.jpg 768w, https:\/\/www.arteartesania.com\/wp-content\/uploads\/2020\/01\/RAMON-Y-SILVIA-700x467.jpg 700w, https:\/\/www.arteartesania.com\/wp-content\/uploads\/2020\/01\/RAMON-Y-SILVIA-600x400.jpg 600w\" data-sizes=\"(max-width: 1000px) 100vw, 1000px\" src=\"data:image\/gif;base64,R0lGODlhAQABAAAAACH5BAEKAAEALAAAAAABAAEAAAICTAEAOw==\" style=\"--smush-placeholder-width: 1000px; --smush-placeholder-aspect-ratio: 1000\/667;\" \/><noscript><img loading=\"lazy\" decoding=\"async\" width=\"1000\" height=\"667\" src=\"https:\/\/www.arteartesania.com\/wp-content\/uploads\/2020\/01\/RAMON-Y-SILVIA.jpg\" class=\"attachment-quapa-featured-image-full size-quapa-featured-image-full wp-post-image\" alt=\"Ram\u00f3n Puig Cuy\u00e1s joyas\" srcset=\"https:\/\/www.arteartesania.com\/wp-content\/uploads\/2020\/01\/RAMON-Y-SILVIA.jpg 1000w, https:\/\/www.arteartesania.com\/wp-content\/uploads\/2020\/01\/RAMON-Y-SILVIA-300x200.jpg 300w, https:\/\/www.arteartesania.com\/wp-content\/uploads\/2020\/01\/RAMON-Y-SILVIA-768x512.jpg 768w, https:\/\/www.arteartesania.com\/wp-content\/uploads\/2020\/01\/RAMON-Y-SILVIA-700x467.jpg 700w, https:\/\/www.arteartesania.com\/wp-content\/uploads\/2020\/01\/RAMON-Y-SILVIA-600x400.jpg 600w\" sizes=\"(max-width: 1000px) 100vw, 1000px\" \/><\/noscript>                <\/a>\n            <\/div><!-- .post-thumbnail -->\n\n                <div class=\"entry-header\">\n            <span class=\"cat-links\"><span class=\"screen-reader-text\">Categories<\/span><a href=\"https:\/\/www.arteartesania.com\/en\/category\/exhibitions\/\" rel=\"category tag\">Exhibitions<\/a> <a href=\"https:\/\/www.arteartesania.com\/en\/category\/exhibitions\/silvia-walz-en\/\" rel=\"category tag\">SIlvia Walz<\/a><\/span>            <h3 class=\"entry-title\"><a href=\"https:\/\/www.arteartesania.com\/en\/joint-exhibition-silvia-walz-and-ramon-puig\/\">Joint exhibition Silvia Walz and Ram\u00f3n Puig<\/a><\/h3>\n        <\/div>\n    <\/div>\n<\/div>            <\/div>\n\n                    <\/div>\n        \t\t<\/div>\n\t\t\t\t<\/div>\n\t\t\t\t<div class=\"elementor-element elementor-element-2443a17 elementor-button-outline_dark elementor-align-center elementor-widget elementor-widget-button\" data-id=\"2443a17\" data-element_type=\"widget\" data-widget_type=\"button.default\">\n\t\t\t\t<div class=\"elementor-widget-container\">\n\t\t\t        <div class=\"elementor-button-wrapper\">\n            <a href=\"http:\/\/www.arteartesania.com\/category\/exposiciones\/silvia-walz\/\" class=\"elementor-button-link elementor-button elementor-size-sm\" role=\"button\">\n                \t\t<span class=\"elementor-button-content-wrapper\">\n\t\t\t\t\t\t\t\t\t<span class=\"elementor-button-text\">See exhibitions of Silvia Walz<\/span>\n\t\t\t\t\t<\/span>\n\t\t            <\/a>\n        <\/div>\n        \t\t<\/div>\n\t\t\t\t<\/div>\n\t\t\t\t\t<\/div>\n\t\t<\/div>\n\t\t\t\t\t<\/div>\n\t\t<\/section>\n\t\t\t\t<\/div>\n\t\t","protected":false},"excerpt":{"rendered":"<p>JEWELRY Silvia Walz CV \/ TRAJECTORY PRODUCTS cv \/ TRAJECTORY Silvia Walz 1985 &#8211; 91 University of Applied Sciences Hildesheim, metal design, Germany 1988 &#8211; 89 Studies at Escola Massana, Barcelona, Spain 1990 &#8211; 91 Diploma at Fh &#8211; Hildesheim Since 1988 living and working in Spain 1994 &#8211; 2017 teaching at &#8220;Escola Massana&#8221;, Barcelona, &hellip; <\/p>\n<p class=\"link-more\"><a href=\"https:\/\/www.arteartesania.com\/en\/joint-exhibition-silvia-walz-and-ramon-puig\/\" class=\"more-link\">Read More <span class=\"screen-reader-text\"> &#8220;Joint exhibition Silvia Walz and Ram\u00f3n Puig&#8221;<\/span><\/a><\/p>\n","protected":false},"author":1,"featured_media":0,"parent":4436,"menu_order":0,"comment_status":"closed","ping_status":"closed","template":"page-elementor.php","meta":{"_acf_changed":false,"inline_featured_image":false,"footnotes":""},"class_list":["post-4525","page","type-page","status-publish","hentry"],"acf":[],"yoast_head":"<!-- This site is optimized with the Yoast SEO plugin v23.6 - https:\/\/yoast.com\/wordpress\/plugins\/seo\/ -->\n<title>Artists in Arteartesania - Silvia Walz, jeweler<\/title>\n<meta name=\"robots\" content=\"index, follow, max-snippet:-1, max-image-preview:large, max-video-preview:-1\" \/>\n<link rel=\"canonical\" href=\"https:\/\/www.arteartesania.com\/en\/artists\/silvia-walz\/\" \/>\n<meta property=\"og:locale\" content=\"en_US\" \/>\n<meta property=\"og:type\" content=\"article\" \/>\n<meta property=\"og:title\" content=\"Artists in Arteartesania - Silvia Walz, jeweler\" \/>\n<meta property=\"og:description\" content=\"JEWELRY Silvia Walz CV \/ TRAJECTORY PRODUCTS cv \/ TRAJECTORY Silvia Walz 1985 &#8211; 91 University of Applied Sciences Hildesheim, metal design, Germany 1988 &#8211; 89 Studies at Escola Massana, Barcelona, Spain 1990 &#8211; 91 Diploma at Fh &#8211; Hildesheim Since 1988 living and working in Spain 1994 &#8211; 2017 teaching at &#8220;Escola Massana&#8221;, Barcelona, &hellip; Read More &quot;Joint exhibition Silvia Walz and Ram\u00f3n Puig&quot;\" \/>\n<meta property=\"og:url\" content=\"https:\/\/www.arteartesania.com\/en\/artists\/silvia-walz\/\" \/>\n<meta property=\"og:site_name\" content=\"Arteartesania\" \/>\n<meta property=\"article:modified_time\" content=\"2021-03-21T11:06:35+00:00\" \/>\n<meta property=\"og:image\" content=\"https:\/\/www.arteartesania.com\/wp-content\/uploads\/2020\/01\/silviawaltz.jpg\" \/>\n<meta name=\"twitter:card\" content=\"summary_large_image\" \/>\n<meta name=\"twitter:label1\" content=\"Est. reading time\" \/>\n\t<meta name=\"twitter:data1\" content=\"1 minute\" \/>\n<script type=\"application\/ld+json\" class=\"yoast-schema-graph\">{\"@context\":\"https:\/\/schema.org\",\"@graph\":[{\"@type\":\"WebPage\",\"@id\":\"https:\/\/www.arteartesania.com\/en\/artists\/silvia-walz\/\",\"url\":\"https:\/\/www.arteartesania.com\/en\/artists\/silvia-walz\/\",\"name\":\"Artists in Arteartesania - Silvia Walz, jeweler\",\"isPartOf\":{\"@id\":\"https:\/\/www.arteartesania.com\/en\/#website\"},\"primaryImageOfPage\":{\"@id\":\"https:\/\/www.arteartesania.com\/en\/artists\/silvia-walz\/#primaryimage\"},\"image\":{\"@id\":\"https:\/\/www.arteartesania.com\/en\/artists\/silvia-walz\/#primaryimage\"},\"thumbnailUrl\":\"https:\/\/www.arteartesania.com\/wp-content\/uploads\/2020\/01\/silviawaltz.jpg\",\"datePublished\":\"2020-01-27T10:19:49+00:00\",\"dateModified\":\"2021-03-21T11:06:35+00:00\",\"breadcrumb\":{\"@id\":\"https:\/\/www.arteartesania.com\/en\/artists\/silvia-walz\/#breadcrumb\"},\"inLanguage\":\"en-US\",\"potentialAction\":[{\"@type\":\"ReadAction\",\"target\":[\"https:\/\/www.arteartesania.com\/en\/artists\/silvia-walz\/\"]}]},{\"@type\":\"ImageObject\",\"inLanguage\":\"en-US\",\"@id\":\"https:\/\/www.arteartesania.com\/en\/artists\/silvia-walz\/#primaryimage\",\"url\":\"https:\/\/www.arteartesania.com\/wp-content\/uploads\/2020\/01\/silviawaltz.jpg\",\"contentUrl\":\"https:\/\/www.arteartesania.com\/wp-content\/uploads\/2020\/01\/silviawaltz.jpg\"},{\"@type\":\"BreadcrumbList\",\"@id\":\"https:\/\/www.arteartesania.com\/en\/artists\/silvia-walz\/#breadcrumb\",\"itemListElement\":[{\"@type\":\"ListItem\",\"position\":1,\"name\":\"Portada\",\"item\":\"https:\/\/www.arteartesania.com\/en\/\"},{\"@type\":\"ListItem\",\"position\":2,\"name\":\"Artists\",\"item\":\"https:\/\/www.arteartesania.com\/en\/kuenstler\/\"},{\"@type\":\"ListItem\",\"position\":3,\"name\":\"Silvia Walz\"}]},{\"@type\":\"WebSite\",\"@id\":\"https:\/\/www.arteartesania.com\/en\/#website\",\"url\":\"https:\/\/www.arteartesania.com\/en\/\",\"name\":\"Arteartesania\",\"description\":\"Original selecci\u00f3n de Artesan\u00eda Contempor\u00e1nea de Autor\",\"publisher\":{\"@id\":\"https:\/\/www.arteartesania.com\/en\/#organization\"},\"potentialAction\":[{\"@type\":\"SearchAction\",\"target\":{\"@type\":\"EntryPoint\",\"urlTemplate\":\"https:\/\/www.arteartesania.com\/en\/?s={search_term_string}\"},\"query-input\":{\"@type\":\"PropertyValueSpecification\",\"valueRequired\":true,\"valueName\":\"search_term_string\"}}],\"inLanguage\":\"en-US\"},{\"@type\":\"Organization\",\"@id\":\"https:\/\/www.arteartesania.com\/en\/#organization\",\"name\":\"Arteartesania\",\"url\":\"https:\/\/www.arteartesania.com\/en\/\",\"logo\":{\"@type\":\"ImageObject\",\"inLanguage\":\"en-US\",\"@id\":\"https:\/\/www.arteartesania.com\/en\/#\/schema\/logo\/image\/\",\"url\":\"https:\/\/www.arteartesania.com\/wp-content\/uploads\/2019\/12\/cropped-logofooter.png\",\"contentUrl\":\"https:\/\/www.arteartesania.com\/wp-content\/uploads\/2019\/12\/cropped-logofooter.png\",\"width\":539,\"height\":58,\"caption\":\"Arteartesania\"},\"image\":{\"@id\":\"https:\/\/www.arteartesania.com\/en\/#\/schema\/logo\/image\/\"}}]}<\/script>\n<!-- \/ Yoast SEO plugin. -->","yoast_head_json":{"title":"Artists in Arteartesania - Silvia Walz, jeweler","robots":{"index":"index","follow":"follow","max-snippet":"max-snippet:-1","max-image-preview":"max-image-preview:large","max-video-preview":"max-video-preview:-1"},"canonical":"https:\/\/www.arteartesania.com\/en\/artists\/silvia-walz\/","og_locale":"en_US","og_type":"article","og_title":"Artists in Arteartesania - Silvia Walz, jeweler","og_description":"JEWELRY Silvia Walz CV \/ TRAJECTORY PRODUCTS cv \/ TRAJECTORY Silvia Walz 1985 &#8211; 91 University of Applied Sciences Hildesheim, metal design, Germany 1988 &#8211; 89 Studies at Escola Massana, Barcelona, Spain 1990 &#8211; 91 Diploma at Fh &#8211; Hildesheim Since 1988 living and working in Spain 1994 &#8211; 2017 teaching at &#8220;Escola Massana&#8221;, Barcelona, &hellip; Read More \"Joint exhibition Silvia Walz and Ram\u00f3n Puig\"","og_url":"https:\/\/www.arteartesania.com\/en\/artists\/silvia-walz\/","og_site_name":"Arteartesania","article_modified_time":"2021-03-21T11:06:35+00:00","og_image":[{"url":"https:\/\/www.arteartesania.com\/wp-content\/uploads\/2020\/01\/silviawaltz.jpg"}],"twitter_card":"summary_large_image","twitter_misc":{"Est. reading time":"1 minute"},"schema":{"@context":"https:\/\/schema.org","@graph":[{"@type":"WebPage","@id":"https:\/\/www.arteartesania.com\/en\/artists\/silvia-walz\/","url":"https:\/\/www.arteartesania.com\/en\/artists\/silvia-walz\/","name":"Artists in Arteartesania - Silvia Walz, jeweler","isPartOf":{"@id":"https:\/\/www.arteartesania.com\/en\/#website"},"primaryImageOfPage":{"@id":"https:\/\/www.arteartesania.com\/en\/artists\/silvia-walz\/#primaryimage"},"image":{"@id":"https:\/\/www.arteartesania.com\/en\/artists\/silvia-walz\/#primaryimage"},"thumbnailUrl":"https:\/\/www.arteartesania.com\/wp-content\/uploads\/2020\/01\/silviawaltz.jpg","datePublished":"2020-01-27T10:19:49+00:00","dateModified":"2021-03-21T11:06:35+00:00","breadcrumb":{"@id":"https:\/\/www.arteartesania.com\/en\/artists\/silvia-walz\/#breadcrumb"},"inLanguage":"en-US","potentialAction":[{"@type":"ReadAction","target":["https:\/\/www.arteartesania.com\/en\/artists\/silvia-walz\/"]}]},{"@type":"ImageObject","inLanguage":"en-US","@id":"https:\/\/www.arteartesania.com\/en\/artists\/silvia-walz\/#primaryimage","url":"https:\/\/www.arteartesania.com\/wp-content\/uploads\/2020\/01\/silviawaltz.jpg","contentUrl":"https:\/\/www.arteartesania.com\/wp-content\/uploads\/2020\/01\/silviawaltz.jpg"},{"@type":"BreadcrumbList","@id":"https:\/\/www.arteartesania.com\/en\/artists\/silvia-walz\/#breadcrumb","itemListElement":[{"@type":"ListItem","position":1,"name":"Portada","item":"https:\/\/www.arteartesania.com\/en\/"},{"@type":"ListItem","position":2,"name":"Artists","item":"https:\/\/www.arteartesania.com\/en\/kuenstler\/"},{"@type":"ListItem","position":3,"name":"Silvia Walz"}]},{"@type":"WebSite","@id":"https:\/\/www.arteartesania.com\/en\/#website","url":"https:\/\/www.arteartesania.com\/en\/","name":"Arteartesania","description":"Original selecci\u00f3n de Artesan\u00eda Contempor\u00e1nea de Autor","publisher":{"@id":"https:\/\/www.arteartesania.com\/en\/#organization"},"potentialAction":[{"@type":"SearchAction","target":{"@type":"EntryPoint","urlTemplate":"https:\/\/www.arteartesania.com\/en\/?s={search_term_string}"},"query-input":{"@type":"PropertyValueSpecification","valueRequired":true,"valueName":"search_term_string"}}],"inLanguage":"en-US"},{"@type":"Organization","@id":"https:\/\/www.arteartesania.com\/en\/#organization","name":"Arteartesania","url":"https:\/\/www.arteartesania.com\/en\/","logo":{"@type":"ImageObject","inLanguage":"en-US","@id":"https:\/\/www.arteartesania.com\/en\/#\/schema\/logo\/image\/","url":"https:\/\/www.arteartesania.com\/wp-content\/uploads\/2019\/12\/cropped-logofooter.png","contentUrl":"https:\/\/www.arteartesania.com\/wp-content\/uploads\/2019\/12\/cropped-logofooter.png","width":539,"height":58,"caption":"Arteartesania"},"image":{"@id":"https:\/\/www.arteartesania.com\/en\/#\/schema\/logo\/image\/"}}]}},"_links":{"self":[{"href":"https:\/\/www.arteartesania.com\/en\/wp-json\/wp\/v2\/pages\/4525"}],"collection":[{"href":"https:\/\/www.arteartesania.com\/en\/wp-json\/wp\/v2\/pages"}],"about":[{"href":"https:\/\/www.arteartesania.com\/en\/wp-json\/wp\/v2\/types\/page"}],"author":[{"embeddable":true,"href":"https:\/\/www.arteartesania.com\/en\/wp-json\/wp\/v2\/users\/1"}],"replies":[{"embeddable":true,"href":"https:\/\/www.arteartesania.com\/en\/wp-json\/wp\/v2\/comments?post=4525"}],"version-history":[{"count":15,"href":"https:\/\/www.arteartesania.com\/en\/wp-json\/wp\/v2\/pages\/4525\/revisions"}],"predecessor-version":[{"id":9551,"href":"https:\/\/www.arteartesania.com\/en\/wp-json\/wp\/v2\/pages\/4525\/revisions\/9551"}],"up":[{"embeddable":true,"href":"https:\/\/www.arteartesania.com\/en\/wp-json\/wp\/v2\/pages\/4436"}],"wp:attachment":[{"href":"https:\/\/www.arteartesania.com\/en\/wp-json\/wp\/v2\/media?parent=4525"}],"curies":[{"name":"wp","href":"https:\/\/api.w.org\/{rel}","templated":true}]}}