{"id":14180,"date":"2022-08-11T14:46:31","date_gmt":"2022-08-11T12:58:53","guid":{"rendered":"https:\/\/www.arteartesania.com\/?post_type=product&#038;p=14180"},"modified":"2022-08-11T14:58:54","modified_gmt":"2022-08-11T12:58:54","slug":"frei-wie-die-wolken-jordi-carreras-carlos-tellechea","status":"publish","type":"product","link":"https:\/\/www.arteartesania.com\/de\/producto\/frei-wie-die-wolken-jordi-carreras-carlos-tellechea\/","title":{"rendered":"\u201eFrei wie die Wolken\u201c Jordi Carreras \u2013 Carlos Tellechea"},"content":{"rendered":"<p>\u201eFrei wie die Wolken\u201c Jordi Carreras \u2013 Carlos Tellechea<\/p>\n<p>\u00d6ltabelle: Jordi Carreras<\/p>\n<p>Metallintervention: Carlos Tellechea<\/p>\n<p>MATERIALIEN: Bronze, Patina (Kupferoxid), 925er Silberfigur<\/p>\n<p>JAHR: 2022<\/p>\n<p>GR\u00d6SSE: 35 x 30 cm<\/p>\n","protected":false},"excerpt":{"rendered":"<p>\u201eFrei wie die Wolken\u201c Jordi Carreras \u2013 Carlos Tellechea<\/p>\n<p>\u00d6ltabelle: Jordi Carreras<\/p>\n<p>Metallintervention: Carlos Tellechea<\/p>\n<p>MATERIALIEN: Bronze, Patina (Kupferoxid), 925er Silberfigur<\/p>\n<p>JAHR: 2022<\/p>\n<p>GR\u00d6SSE: 35 x 30 cm<\/p>\n<p>Diese Eingriffe in die Arbeit meines Freundes Jordi Carreras. Sie erm\u00f6glichen es mir, die drei Dimensionen der Malerei zu erkunden, und geben der Betrachtung des St\u00fccks eine andere Perspektive, die sich \u00e4ndert, wenn Sie herumgehen und den Blickwinkel \u00e4ndern.<\/p>\n","protected":false},"featured_media":14161,"comment_status":"closed","ping_status":"closed","template":"","meta":{"_acf_changed":false,"inline_featured_image":false},"product_cat":[213,218,257,221,214,252,599],"product_tag":[],"class_list":{"0":"post-14180","1":"product","2":"type-product","3":"status-publish","4":"has-post-thumbnail","6":"product_cat-art-de","7":"product_cat-carlos-tellechea-de","8":"product_cat-gemaelde","9":"product_cat-jordi-carreras-de","10":"product_cat-kuenstler","11":"product_cat-objekte","12":"product_cat-patina-de","13":"product_shipping_class-paquetes-grandes-pesados-de","15":"first","16":"instock","17":"shipping-taxable","18":"purchasable","19":"product-type-simple"},"acf":[],"yoast_head":"<!-- This site is optimized with the Yoast SEO plugin v23.6 - https:\/\/yoast.com\/wordpress\/plugins\/seo\/ -->\n<title>\u201eFrei wie die Wolken\u201c Jordi Carreras \u2013 Carlos Tellechea - Arteartesania<\/title>\n<meta name=\"robots\" content=\"index, follow, max-snippet:-1, max-image-preview:large, max-video-preview:-1\" \/>\n<link rel=\"canonical\" href=\"https:\/\/www.arteartesania.com\/de\/producto\/frei-wie-die-wolken-jordi-carreras-carlos-tellechea\/\" \/>\n<meta property=\"og:locale\" content=\"de_DE\" \/>\n<meta property=\"og:type\" content=\"article\" \/>\n<meta property=\"og:title\" content=\"\u201eFrei wie die Wolken\u201c Jordi Carreras \u2013 Carlos Tellechea - Arteartesania\" \/>\n<meta property=\"og:description\" content=\"\u201eFrei wie die Wolken\u201c Jordi Carreras \u2013 Carlos Tellechea  \u00d6ltabelle: Jordi Carreras  Metallintervention: Carlos Tellechea  MATERIALIEN: Bronze, Patina (Kupferoxid), 925er Silberfigur  JAHR: 2022  GR\u00d6SSE: 35 x 30 cm  Diese Eingriffe in die Arbeit meines Freundes Jordi Carreras. Sie erm\u00f6glichen es mir, die drei Dimensionen der Malerei zu erkunden, und geben der Betrachtung des St\u00fccks eine andere Perspektive, die sich \u00e4ndert, wenn Sie herumgehen und den Blickwinkel \u00e4ndern.\" \/>\n<meta property=\"og:url\" content=\"https:\/\/www.arteartesania.com\/de\/producto\/frei-wie-die-wolken-jordi-carreras-carlos-tellechea\/\" \/>\n<meta property=\"og:site_name\" content=\"Arteartesania\" \/>\n<meta property=\"article:modified_time\" content=\"2022-08-11T12:58:54+00:00\" \/>\n<meta property=\"og:image\" content=\"https:\/\/www.arteartesania.com\/wp-content\/uploads\/2022\/08\/IMG_8548-scaled.jpeg\" \/>\n\t<meta property=\"og:image:width\" content=\"1920\" \/>\n\t<meta property=\"og:image:height\" content=\"2560\" \/>\n\t<meta property=\"og:image:type\" content=\"image\/jpeg\" \/>\n<meta name=\"twitter:card\" content=\"summary_large_image\" \/>\n<meta name=\"twitter:label1\" content=\"Gesch\u00e4tzte Lesezeit\" \/>\n\t<meta name=\"twitter:data1\" content=\"1\u00a0Minute\" \/>\n<script type=\"application\/ld+json\" class=\"yoast-schema-graph\">{\"@context\":\"https:\/\/schema.org\",\"@graph\":[{\"@type\":\"WebPage\",\"@id\":\"https:\/\/www.arteartesania.com\/de\/producto\/frei-wie-die-wolken-jordi-carreras-carlos-tellechea\/\",\"url\":\"https:\/\/www.arteartesania.com\/de\/producto\/frei-wie-die-wolken-jordi-carreras-carlos-tellechea\/\",\"name\":\"\u201eFrei wie die Wolken\u201c Jordi Carreras \u2013 Carlos Tellechea - Arteartesania\",\"isPartOf\":{\"@id\":\"https:\/\/www.arteartesania.com\/de\/#website\"},\"primaryImageOfPage\":{\"@id\":\"https:\/\/www.arteartesania.com\/de\/producto\/frei-wie-die-wolken-jordi-carreras-carlos-tellechea\/#primaryimage\"},\"image\":{\"@id\":\"https:\/\/www.arteartesania.com\/de\/producto\/frei-wie-die-wolken-jordi-carreras-carlos-tellechea\/#primaryimage\"},\"thumbnailUrl\":\"https:\/\/www.arteartesania.com\/wp-content\/uploads\/2022\/08\/IMG_8548-scaled.jpeg\",\"datePublished\":\"2022-08-11T12:58:53+00:00\",\"dateModified\":\"2022-08-11T12:58:54+00:00\",\"breadcrumb\":{\"@id\":\"https:\/\/www.arteartesania.com\/de\/producto\/frei-wie-die-wolken-jordi-carreras-carlos-tellechea\/#breadcrumb\"},\"inLanguage\":\"de\",\"potentialAction\":[{\"@type\":\"ReadAction\",\"target\":[\"https:\/\/www.arteartesania.com\/de\/producto\/frei-wie-die-wolken-jordi-carreras-carlos-tellechea\/\"]}]},{\"@type\":\"ImageObject\",\"inLanguage\":\"de\",\"@id\":\"https:\/\/www.arteartesania.com\/de\/producto\/frei-wie-die-wolken-jordi-carreras-carlos-tellechea\/#primaryimage\",\"url\":\"https:\/\/www.arteartesania.com\/wp-content\/uploads\/2022\/08\/IMG_8548-scaled.jpeg\",\"contentUrl\":\"https:\/\/www.arteartesania.com\/wp-content\/uploads\/2022\/08\/IMG_8548-scaled.jpeg\",\"width\":1920,\"height\":2560,\"caption\":\"\\\"Libre como las nubes\u201d OBRA CONJUNTA JORDI CARRERAS CARLOS TELLECHEA\"},{\"@type\":\"BreadcrumbList\",\"@id\":\"https:\/\/www.arteartesania.com\/de\/producto\/frei-wie-die-wolken-jordi-carreras-carlos-tellechea\/#breadcrumb\",\"itemListElement\":[{\"@type\":\"ListItem\",\"position\":1,\"name\":\"Portada\",\"item\":\"https:\/\/www.arteartesania.com\/de\/\"},{\"@type\":\"ListItem\",\"position\":2,\"name\":\"Shop online\",\"item\":\"https:\/\/www.arteartesania.com\/de\/online-bastelladen\/\"},{\"@type\":\"ListItem\",\"position\":3,\"name\":\"\u201eFrei wie die Wolken\u201c Jordi Carreras \u2013 Carlos Tellechea\"}]},{\"@type\":\"WebSite\",\"@id\":\"https:\/\/www.arteartesania.com\/de\/#website\",\"url\":\"https:\/\/www.arteartesania.com\/de\/\",\"name\":\"Arteartesania\",\"description\":\"Original selecci\u00f3n de Artesan\u00eda Contempor\u00e1nea de Autor\",\"publisher\":{\"@id\":\"https:\/\/www.arteartesania.com\/de\/#organization\"},\"potentialAction\":[{\"@type\":\"SearchAction\",\"target\":{\"@type\":\"EntryPoint\",\"urlTemplate\":\"https:\/\/www.arteartesania.com\/de\/?s={search_term_string}\"},\"query-input\":{\"@type\":\"PropertyValueSpecification\",\"valueRequired\":true,\"valueName\":\"search_term_string\"}}],\"inLanguage\":\"de\"},{\"@type\":\"Organization\",\"@id\":\"https:\/\/www.arteartesania.com\/de\/#organization\",\"name\":\"Arteartesania\",\"url\":\"https:\/\/www.arteartesania.com\/de\/\",\"logo\":{\"@type\":\"ImageObject\",\"inLanguage\":\"de\",\"@id\":\"https:\/\/www.arteartesania.com\/de\/#\/schema\/logo\/image\/\",\"url\":\"https:\/\/www.arteartesania.com\/wp-content\/uploads\/2019\/12\/cropped-logofooter.png\",\"contentUrl\":\"https:\/\/www.arteartesania.com\/wp-content\/uploads\/2019\/12\/cropped-logofooter.png\",\"width\":539,\"height\":58,\"caption\":\"Arteartesania\"},\"image\":{\"@id\":\"https:\/\/www.arteartesania.com\/de\/#\/schema\/logo\/image\/\"}}]}<\/script>\n<!-- \/ Yoast SEO plugin. -->","yoast_head_json":{"title":"\u201eFrei wie die Wolken\u201c Jordi Carreras \u2013 Carlos Tellechea - Arteartesania","robots":{"index":"index","follow":"follow","max-snippet":"max-snippet:-1","max-image-preview":"max-image-preview:large","max-video-preview":"max-video-preview:-1"},"canonical":"https:\/\/www.arteartesania.com\/de\/producto\/frei-wie-die-wolken-jordi-carreras-carlos-tellechea\/","og_locale":"de_DE","og_type":"article","og_title":"\u201eFrei wie die Wolken\u201c Jordi Carreras \u2013 Carlos Tellechea - Arteartesania","og_description":"\u201eFrei wie die Wolken\u201c Jordi Carreras \u2013 Carlos Tellechea  \u00d6ltabelle: Jordi Carreras  Metallintervention: Carlos Tellechea  MATERIALIEN: Bronze, Patina (Kupferoxid), 925er Silberfigur  JAHR: 2022  GR\u00d6SSE: 35 x 30 cm  Diese Eingriffe in die Arbeit meines Freundes Jordi Carreras. Sie erm\u00f6glichen es mir, die drei Dimensionen der Malerei zu erkunden, und geben der Betrachtung des St\u00fccks eine andere Perspektive, die sich \u00e4ndert, wenn Sie herumgehen und den Blickwinkel \u00e4ndern.","og_url":"https:\/\/www.arteartesania.com\/de\/producto\/frei-wie-die-wolken-jordi-carreras-carlos-tellechea\/","og_site_name":"Arteartesania","article_modified_time":"2022-08-11T12:58:54+00:00","og_image":[{"width":1920,"height":2560,"url":"https:\/\/www.arteartesania.com\/wp-content\/uploads\/2022\/08\/IMG_8548-scaled.jpeg","type":"image\/jpeg"}],"twitter_card":"summary_large_image","twitter_misc":{"Gesch\u00e4tzte Lesezeit":"1\u00a0Minute"},"schema":{"@context":"https:\/\/schema.org","@graph":[{"@type":"WebPage","@id":"https:\/\/www.arteartesania.com\/de\/producto\/frei-wie-die-wolken-jordi-carreras-carlos-tellechea\/","url":"https:\/\/www.arteartesania.com\/de\/producto\/frei-wie-die-wolken-jordi-carreras-carlos-tellechea\/","name":"\u201eFrei wie die Wolken\u201c Jordi Carreras \u2013 Carlos Tellechea - Arteartesania","isPartOf":{"@id":"https:\/\/www.arteartesania.com\/de\/#website"},"primaryImageOfPage":{"@id":"https:\/\/www.arteartesania.com\/de\/producto\/frei-wie-die-wolken-jordi-carreras-carlos-tellechea\/#primaryimage"},"image":{"@id":"https:\/\/www.arteartesania.com\/de\/producto\/frei-wie-die-wolken-jordi-carreras-carlos-tellechea\/#primaryimage"},"thumbnailUrl":"https:\/\/www.arteartesania.com\/wp-content\/uploads\/2022\/08\/IMG_8548-scaled.jpeg","datePublished":"2022-08-11T12:58:53+00:00","dateModified":"2022-08-11T12:58:54+00:00","breadcrumb":{"@id":"https:\/\/www.arteartesania.com\/de\/producto\/frei-wie-die-wolken-jordi-carreras-carlos-tellechea\/#breadcrumb"},"inLanguage":"de","potentialAction":[{"@type":"ReadAction","target":["https:\/\/www.arteartesania.com\/de\/producto\/frei-wie-die-wolken-jordi-carreras-carlos-tellechea\/"]}]},{"@type":"ImageObject","inLanguage":"de","@id":"https:\/\/www.arteartesania.com\/de\/producto\/frei-wie-die-wolken-jordi-carreras-carlos-tellechea\/#primaryimage","url":"https:\/\/www.arteartesania.com\/wp-content\/uploads\/2022\/08\/IMG_8548-scaled.jpeg","contentUrl":"https:\/\/www.arteartesania.com\/wp-content\/uploads\/2022\/08\/IMG_8548-scaled.jpeg","width":1920,"height":2560,"caption":"\"Libre como las nubes\u201d OBRA CONJUNTA JORDI CARRERAS CARLOS TELLECHEA"},{"@type":"BreadcrumbList","@id":"https:\/\/www.arteartesania.com\/de\/producto\/frei-wie-die-wolken-jordi-carreras-carlos-tellechea\/#breadcrumb","itemListElement":[{"@type":"ListItem","position":1,"name":"Portada","item":"https:\/\/www.arteartesania.com\/de\/"},{"@type":"ListItem","position":2,"name":"Shop online","item":"https:\/\/www.arteartesania.com\/de\/online-bastelladen\/"},{"@type":"ListItem","position":3,"name":"\u201eFrei wie die Wolken\u201c Jordi Carreras \u2013 Carlos Tellechea"}]},{"@type":"WebSite","@id":"https:\/\/www.arteartesania.com\/de\/#website","url":"https:\/\/www.arteartesania.com\/de\/","name":"Arteartesania","description":"Original selecci\u00f3n de Artesan\u00eda Contempor\u00e1nea de Autor","publisher":{"@id":"https:\/\/www.arteartesania.com\/de\/#organization"},"potentialAction":[{"@type":"SearchAction","target":{"@type":"EntryPoint","urlTemplate":"https:\/\/www.arteartesania.com\/de\/?s={search_term_string}"},"query-input":{"@type":"PropertyValueSpecification","valueRequired":true,"valueName":"search_term_string"}}],"inLanguage":"de"},{"@type":"Organization","@id":"https:\/\/www.arteartesania.com\/de\/#organization","name":"Arteartesania","url":"https:\/\/www.arteartesania.com\/de\/","logo":{"@type":"ImageObject","inLanguage":"de","@id":"https:\/\/www.arteartesania.com\/de\/#\/schema\/logo\/image\/","url":"https:\/\/www.arteartesania.com\/wp-content\/uploads\/2019\/12\/cropped-logofooter.png","contentUrl":"https:\/\/www.arteartesania.com\/wp-content\/uploads\/2019\/12\/cropped-logofooter.png","width":539,"height":58,"caption":"Arteartesania"},"image":{"@id":"https:\/\/www.arteartesania.com\/de\/#\/schema\/logo\/image\/"}}]}},"_links":{"self":[{"href":"https:\/\/www.arteartesania.com\/de\/wp-json\/wp\/v2\/product\/14180"}],"collection":[{"href":"https:\/\/www.arteartesania.com\/de\/wp-json\/wp\/v2\/product"}],"about":[{"href":"https:\/\/www.arteartesania.com\/de\/wp-json\/wp\/v2\/types\/product"}],"replies":[{"embeddable":true,"href":"https:\/\/www.arteartesania.com\/de\/wp-json\/wp\/v2\/comments?post=14180"}],"wp:featuredmedia":[{"embeddable":true,"href":"https:\/\/www.arteartesania.com\/de\/wp-json\/wp\/v2\/media\/14161"}],"wp:attachment":[{"href":"https:\/\/www.arteartesania.com\/de\/wp-json\/wp\/v2\/media?parent=14180"}],"wp:term":[{"taxonomy":"product_cat","embeddable":true,"href":"https:\/\/www.arteartesania.com\/de\/wp-json\/wp\/v2\/product_cat?post=14180"},{"taxonomy":"product_tag","embeddable":true,"href":"https:\/\/www.arteartesania.com\/de\/wp-json\/wp\/v2\/product_tag?post=14180"}],"curies":[{"name":"wp","href":"https:\/\/api.w.org\/{rel}","templated":true}]}}