{"id":4524,"date":"2020-02-21T10:29:34","date_gmt":"2020-02-21T09:29:34","guid":{"rendered":"http:\/\/www.arteartesania.com\/artistas\/rosa-elordui\/"},"modified":"2020-07-09T11:48:40","modified_gmt":"2020-07-09T09:48:40","slug":"rosa-elordui","status":"publish","type":"page","link":"https:\/\/www.arteartesania.com\/de\/kuenstler\/rosa-elordui\/","title":{"rendered":"Rosa Elordui"},"content":{"rendered":"\t\t<div data-elementor-type=\"wp-page\" data-elementor-id=\"4524\" class=\"elementor elementor-4524 elementor-4284\">\n\t\t\t\t\t\t<section class=\"elementor-section elementor-top-section elementor-element elementor-element-1060435 elementor-section-stretched elementor-section-height-min-height elementor-section-boxed elementor-section-height-default elementor-section-items-middle\" data-id=\"1060435\" data-element_type=\"section\" data-settings=\"{&quot;stretch_section&quot;:&quot;section-stretched&quot;,&quot;background_background&quot;:&quot;classic&quot;}\">\n\t\t\t\t\t\t<div class=\"elementor-container elementor-column-gap-default\">\n\t\t\t\t\t<div class=\"elementor-column elementor-col-100 elementor-top-column elementor-element elementor-element-4de294b\" data-id=\"4de294b\" data-element_type=\"column\">\n\t\t\t<div class=\"elementor-widget-wrap\">\n\t\t\t\t\t\t\t<\/div>\n\t\t<\/div>\n\t\t\t\t\t<\/div>\n\t\t<\/section>\n\t\t\t\t<section class=\"elementor-section elementor-top-section elementor-element elementor-element-c1e9c0b elementor-section-full_width elementor-section-content-top elementor-reverse-mobile elementor-section-height-default elementor-section-height-default\" data-id=\"c1e9c0b\" data-element_type=\"section\">\n\t\t\t\t\t\t<div class=\"elementor-container elementor-column-gap-no\">\n\t\t\t\t\t<div class=\"elementor-column elementor-col-50 elementor-top-column elementor-element elementor-element-9773233\" data-id=\"9773233\" data-element_type=\"column\">\n\t\t\t<div class=\"elementor-widget-wrap elementor-element-populated\">\n\t\t\t\t\t\t<section class=\"elementor-section elementor-inner-section elementor-element elementor-element-b7c8dbc elementor-section-full_width elementor-section-height-default elementor-section-height-default\" data-id=\"b7c8dbc\" data-element_type=\"section\" data-settings=\"{&quot;background_background&quot;:&quot;classic&quot;}\">\n\t\t\t\t\t\t<div class=\"elementor-container elementor-column-gap-no\">\n\t\t\t\t\t<div class=\"elementor-column elementor-col-100 elementor-inner-column elementor-element elementor-element-95b8e36\" data-id=\"95b8e36\" data-element_type=\"column\">\n\t\t\t<div class=\"elementor-widget-wrap elementor-element-populated\">\n\t\t\t\t\t\t<div class=\"elementor-element elementor-element-168d406 elementor-widget elementor-widget-image\" data-id=\"168d406\" data-element_type=\"widget\" data-widget_type=\"image.default\">\n\t\t\t\t<div class=\"elementor-widget-container\">\n\t\t\t\t\t\t\t\t\t\t\t\t\t<img fetchpriority=\"high\" decoding=\"async\" width=\"600\" height=\"600\" src=\"https:\/\/www.arteartesania.com\/wp-content\/uploads\/2020\/02\/rosaelordui.jpg\" class=\"attachment-woocommerce_single size-woocommerce_single wp-image-4469\" alt=\"rosa luis elordui cer\u00e1mica\" srcset=\"https:\/\/www.arteartesania.com\/wp-content\/uploads\/2020\/02\/rosaelordui.jpg 600w, https:\/\/www.arteartesania.com\/wp-content\/uploads\/2020\/02\/rosaelordui-300x300.jpg 300w, https:\/\/www.arteartesania.com\/wp-content\/uploads\/2020\/02\/rosaelordui-150x150.jpg 150w, https:\/\/www.arteartesania.com\/wp-content\/uploads\/2020\/02\/rosaelordui-100x100.jpg 100w\" sizes=\"(max-width: 600px) 100vw, 600px\" \/>\t\t\t\t\t\t\t\t\t\t\t\t\t<\/div>\n\t\t\t\t<\/div>\n\t\t\t\t\t<\/div>\n\t\t<\/div>\n\t\t\t\t\t<\/div>\n\t\t<\/section>\n\t\t\t\t\t<\/div>\n\t\t<\/div>\n\t\t\t\t<div class=\"elementor-column elementor-col-50 elementor-top-column elementor-element elementor-element-43920f8\" data-id=\"43920f8\" data-element_type=\"column\" data-settings=\"{&quot;background_background&quot;:&quot;classic&quot;}\">\n\t\t\t<div class=\"elementor-widget-wrap elementor-element-populated\">\n\t\t\t\t\t\t<div class=\"elementor-element elementor-element-8a7dbdb elementor-widget elementor-widget-text-editor\" data-id=\"8a7dbdb\" data-element_type=\"widget\" data-widget_type=\"text-editor.default\">\n\t\t\t\t<div class=\"elementor-widget-container\">\n\t\t\t        <div class=\"elementor-text-editor elementor-clearfix\"><p>CER\u00c1MICA<\/p><\/div>\n        \t\t<\/div>\n\t\t\t\t<\/div>\n\t\t\t\t<div class=\"elementor-element elementor-element-d2d16e3 elementor-widget elementor-widget-text-editor\" data-id=\"d2d16e3\" data-element_type=\"widget\" data-widget_type=\"text-editor.default\">\n\t\t\t\t<div class=\"elementor-widget-container\">\n\t\t\t        <div class=\"elementor-text-editor elementor-clearfix\"><p>Rosa Elordui<\/p><\/div>\n        \t\t<\/div>\n\t\t\t\t<\/div>\n\t\t\t\t<div class=\"elementor-element elementor-element-9ea0776 elementor-widget elementor-widget-spacer\" data-id=\"9ea0776\" data-element_type=\"widget\" data-widget_type=\"spacer.default\">\n\t\t\t\t<div class=\"elementor-widget-container\">\n\t\t\t        <div class=\"elementor-spacer\">\n            <div class=\"elementor-spacer-inner\"><\/div>\n        <\/div>\n\t\t\t\t<\/div>\n\t\t\t\t<\/div>\n\t\t\t\t<div class=\"elementor-element elementor-element-da8f4d4 elementor-widget elementor-widget-text-editor\" data-id=\"da8f4d4\" data-element_type=\"widget\" data-widget_type=\"text-editor.default\">\n\t\t\t\t<div class=\"elementor-widget-container\">\n\t\t\t        <div class=\"elementor-text-editor elementor-clearfix\"><p>Utiliza como material el Barro refractario, cocido en horno de gas a 1.280 C\u00ba<br \/>Trabaja las formas con planchas y decora con engobe de porcelana, \u00f3xidos met\u00e1licos y serigraf\u00edas.El estilo de Rosa Luis Elordui ha ido evolucionando hacia una estilizaci\u00f3n de las formas. El espacio interior se ha reducido y las bases el\u00edpticas han generado piezas planas. Permanecen los acentuados contrastes y la poderosa fuerza tel\u00farica que emana de sus grandes piezas, como salidas de un horno volc\u00e1nico.<\/p><\/div>\n        \t\t<\/div>\n\t\t\t\t<\/div>\n\t\t\t\t<div class=\"elementor-element elementor-element-4497dc0 elementor-widget elementor-widget-spacer\" data-id=\"4497dc0\" data-element_type=\"widget\" data-widget_type=\"spacer.default\">\n\t\t\t\t<div class=\"elementor-widget-container\">\n\t\t\t        <div class=\"elementor-spacer\">\n            <div class=\"elementor-spacer-inner\"><\/div>\n        <\/div>\n\t\t\t\t<\/div>\n\t\t\t\t<\/div>\n\t\t\t\t<section class=\"elementor-section elementor-inner-section elementor-element elementor-element-6bf593e elementor-section-boxed elementor-section-height-default elementor-section-height-default\" data-id=\"6bf593e\" data-element_type=\"section\">\n\t\t\t\t\t\t<div class=\"elementor-container elementor-column-gap-default\">\n\t\t\t\t\t<div class=\"elementor-column elementor-col-50 elementor-inner-column elementor-element elementor-element-c26bf3d\" data-id=\"c26bf3d\" data-element_type=\"column\">\n\t\t\t<div class=\"elementor-widget-wrap elementor-element-populated\">\n\t\t\t\t\t\t<div class=\"elementor-element elementor-element-2e9b9f0 elementor-button-outline_dark elementor-align-left animated-fast elementor-invisible elementor-widget elementor-widget-button\" data-id=\"2e9b9f0\" data-element_type=\"widget\" data-settings=\"{&quot;_animation&quot;:&quot;opal-scale-up&quot;}\" data-widget_type=\"button.default\">\n\t\t\t\t<div class=\"elementor-widget-container\">\n\t\t\t        <div class=\"elementor-button-wrapper\">\n            <a href=\"#curriculum\" class=\"elementor-button-link elementor-button elementor-size-xs\" role=\"button\">\n                \t\t<span class=\"elementor-button-content-wrapper\">\n\t\t\t\t\t\t\t\t\t<span class=\"elementor-button-text\">CURR\u00cdCULUM<\/span>\n\t\t\t\t\t<\/span>\n\t\t            <\/a>\n        <\/div>\n        \t\t<\/div>\n\t\t\t\t<\/div>\n\t\t\t\t\t<\/div>\n\t\t<\/div>\n\t\t\t\t<div class=\"elementor-column elementor-col-50 elementor-inner-column elementor-element elementor-element-942a40f\" data-id=\"942a40f\" data-element_type=\"column\">\n\t\t\t<div class=\"elementor-widget-wrap elementor-element-populated\">\n\t\t\t\t\t\t<div class=\"elementor-element elementor-element-71341b9 elementor-button-outline_dark elementor-align-left animated-fast elementor-invisible elementor-widget elementor-widget-button\" data-id=\"71341b9\" data-element_type=\"widget\" data-settings=\"{&quot;_animation&quot;:&quot;opal-scale-up&quot;}\" data-widget_type=\"button.default\">\n\t\t\t\t<div class=\"elementor-widget-container\">\n\t\t\t        <div class=\"elementor-button-wrapper\">\n            <a href=\"#productos\" class=\"elementor-button-link elementor-button elementor-size-xs\" role=\"button\">\n                \t\t<span class=\"elementor-button-content-wrapper\">\n\t\t\t\t\t\t\t\t\t<span class=\"elementor-button-text\">PRODUCTOS<\/span>\n\t\t\t\t\t<\/span>\n\t\t            <\/a>\n        <\/div>\n        \t\t<\/div>\n\t\t\t\t<\/div>\n\t\t\t\t\t<\/div>\n\t\t<\/div>\n\t\t\t\t\t<\/div>\n\t\t<\/section>\n\t\t\t\t\t<\/div>\n\t\t<\/div>\n\t\t\t\t\t<\/div>\n\t\t<\/section>\n\t\t\t\t<section class=\"elementor-section elementor-top-section elementor-element elementor-element-99b61e9 elementor-section-stretched elementor-section-content-top elementor-section-boxed elementor-section-height-default elementor-section-height-default\" data-id=\"99b61e9\" data-element_type=\"section\" id=\"curriculum\" data-settings=\"{&quot;stretch_section&quot;:&quot;section-stretched&quot;,&quot;background_background&quot;:&quot;classic&quot;}\">\n\t\t\t\t\t\t<div class=\"elementor-container elementor-column-gap-wider\">\n\t\t\t\t\t<div class=\"elementor-column elementor-col-100 elementor-top-column elementor-element elementor-element-b3f1641\" data-id=\"b3f1641\" data-element_type=\"column\">\n\t\t\t<div class=\"elementor-widget-wrap elementor-element-populated\">\n\t\t\t\t\t\t<div class=\"elementor-element elementor-element-06e318c elementor-widget__width-inherit animated-fast elementor-widget-mobile__width-inherit elementor-invisible elementor-widget elementor-widget-heading\" data-id=\"06e318c\" data-element_type=\"widget\" data-settings=\"{&quot;_animation&quot;:&quot;opal-move-up&quot;}\" data-widget_type=\"heading.default\">\n\t\t\t\t<div class=\"elementor-widget-container\">\n\t\t\t<div class=\"elementor-heading-wrapper\" ><span class=\"sub-title\">cv \/ trayectoria <\/span><div class=\"elementor-heading-wrapper-inner\"><h2 class=\"elementor-heading-title elementor-size-default\">Rosa Elordui<\/h2><\/div><\/div>\t\t<\/div>\n\t\t\t\t<\/div>\n\t\t\t\t<div class=\"elementor-element elementor-element-33fd9f4 animated-fast elementor-invisible elementor-widget elementor-widget-text-editor\" data-id=\"33fd9f4\" data-element_type=\"widget\" data-settings=\"{&quot;_animation&quot;:&quot;opal-move-up&quot;}\" data-widget_type=\"text-editor.default\">\n\t\t\t\t<div class=\"elementor-widget-container\">\n\t\t\t        <div class=\"elementor-text-editor elementor-clearfix\"><p>Nace en Mungu\u00eda (Vizcaya) el 6 de agosto de 1958.<br \/>Reside en Madrid Realiza estudios de cer\u00e1mica en la Escuela Industrial de Barcelona y en la Escuela Oficial de Cer\u00e1mica de Madrid, completando su formaci\u00f3n con seminarios y cursos.<\/p><\/div>\n        \t\t<\/div>\n\t\t\t\t<\/div>\n\t\t\t\t\t<\/div>\n\t\t<\/div>\n\t\t\t\t\t<\/div>\n\t\t<\/section>\n\t\t\t\t<section class=\"elementor-section elementor-top-section elementor-element elementor-element-e669e7f elementor-section-boxed elementor-section-height-default elementor-section-height-default\" data-id=\"e669e7f\" data-element_type=\"section\" id=\"productos\" data-settings=\"{&quot;background_background&quot;:&quot;classic&quot;}\">\n\t\t\t\t\t\t\t<div class=\"elementor-background-overlay\"><\/div>\n\t\t\t\t\t\t\t<div class=\"elementor-container elementor-column-gap-no\">\n\t\t\t\t\t<div class=\"elementor-column elementor-col-100 elementor-top-column elementor-element elementor-element-8602f2e animated-fast elementor-invisible\" data-id=\"8602f2e\" data-element_type=\"column\" data-settings=\"{&quot;background_background&quot;:&quot;classic&quot;,&quot;animation&quot;:&quot;opal-move-left&quot;}\">\n\t\t\t<div class=\"elementor-widget-wrap elementor-element-populated\">\n\t\t\t\t\t\t<div class=\"elementor-element elementor-element-a3cc7cb elementor-widget elementor-widget-heading\" data-id=\"a3cc7cb\" data-element_type=\"widget\" data-widget_type=\"heading.default\">\n\t\t\t\t<div class=\"elementor-widget-container\">\n\t\t\t<div class=\"elementor-heading-wrapper\" ><div class=\"elementor-heading-wrapper-inner\"><h2 class=\"elementor-heading-title elementor-size-default\">Productos de Rosa Elordui<\/h2><\/div><\/div>\t\t<\/div>\n\t\t\t\t<\/div>\n\t\t\t\t<div class=\"elementor-element elementor-element-e959c27 elementor-widget elementor-widget-text-editor\" data-id=\"e959c27\" data-element_type=\"widget\" data-widget_type=\"text-editor.default\">\n\t\t\t\t<div class=\"elementor-widget-container\">\n\t\t\t        <div class=\"elementor-text-editor elementor-clearfix\"><p>Estos son algunos productos de Rosa Elordui, si quiere ver m\u00e1s puede ir a la Tienda Online.<\/p><\/div>\n        \t\t<\/div>\n\t\t\t\t<\/div>\n\t\t\t\t\t<\/div>\n\t\t<\/div>\n\t\t\t\t\t<\/div>\n\t\t<\/section>\n\t\t\t\t<section class=\"elementor-section elementor-top-section elementor-element elementor-element-b1bd32c elementor-section-full_width elementor-section-height-default elementor-section-height-default\" data-id=\"b1bd32c\" data-element_type=\"section\">\n\t\t\t\t\t\t<div class=\"elementor-container elementor-column-gap-default\">\n\t\t\t\t\t<div class=\"elementor-column elementor-col-100 elementor-top-column elementor-element elementor-element-a01a112\" data-id=\"a01a112\" data-element_type=\"column\">\n\t\t\t<div class=\"elementor-widget-wrap elementor-element-populated\">\n\t\t\t\t\t\t<div class=\"elementor-element elementor-element-ca0fedb owl-nav-align-right elementor-widget elementor-widget-opal-products\" data-id=\"ca0fedb\" data-element_type=\"widget\" data-widget_type=\"opal-products.default\">\n\t\t\t\t<div class=\"elementor-widget-container\">\n\t\t\t<div class=\"woocommerce columns-3 elementor-product-style-grid\"><ul class=\"products columns-3\">\n<li class=\"product type-product post-9320 status-publish first instock product_cat-art-de product_cat-outlet-dekoration-skulptur product_cat-keramik product_cat-objekte product_cat-rosa-elordui-de product_cat-sale-de product_tag-ceramica-de product_tag-rosa-elordui-de has-post-thumbnail sale shipping-taxable purchasable product-type-simple\">\n\t<div class=\"product-block\"><div class=\"product-transition\"><span class=\"onsale\">-5%<\/span><div class=\"product-img-wrap none\">\n    <div class=\"inner\">\n        <div class=\"product-image\"><img decoding=\"async\" width=\"300\" height=\"300\" data-src=\"https:\/\/www.arteartesania.com\/wp-content\/uploads\/2021\/01\/ROSA_ELORDUI_PASAJERO._DELFINJPG3-300x300.jpeg\" class=\"attachment-woocommerce_thumbnail size-woocommerce_thumbnail lazyload\" alt=\"ROSA_ELORDUI_PASAJERO.DELFIN.\" data-srcset=\"https:\/\/www.arteartesania.com\/wp-content\/uploads\/2021\/01\/ROSA_ELORDUI_PASAJERO._DELFINJPG3-300x300.jpeg 300w, https:\/\/www.arteartesania.com\/wp-content\/uploads\/2021\/01\/ROSA_ELORDUI_PASAJERO._DELFINJPG3-150x150.jpeg 150w, https:\/\/www.arteartesania.com\/wp-content\/uploads\/2021\/01\/ROSA_ELORDUI_PASAJERO._DELFINJPG3-80x80.jpeg 80w, https:\/\/www.arteartesania.com\/wp-content\/uploads\/2021\/01\/ROSA_ELORDUI_PASAJERO._DELFINJPG3-100x100.jpeg 100w\" data-sizes=\"(max-width: 300px) 100vw, 300px\" src=\"data:image\/gif;base64,R0lGODlhAQABAAAAACH5BAEKAAEALAAAAAABAAEAAAICTAEAOw==\" style=\"--smush-placeholder-width: 300px; --smush-placeholder-aspect-ratio: 300\/300;\" \/><noscript><img decoding=\"async\" width=\"300\" height=\"300\" src=\"https:\/\/www.arteartesania.com\/wp-content\/uploads\/2021\/01\/ROSA_ELORDUI_PASAJERO._DELFINJPG3-300x300.jpeg\" class=\"attachment-woocommerce_thumbnail size-woocommerce_thumbnail\" alt=\"ROSA_ELORDUI_PASAJERO.DELFIN.\" srcset=\"https:\/\/www.arteartesania.com\/wp-content\/uploads\/2021\/01\/ROSA_ELORDUI_PASAJERO._DELFINJPG3-300x300.jpeg 300w, https:\/\/www.arteartesania.com\/wp-content\/uploads\/2021\/01\/ROSA_ELORDUI_PASAJERO._DELFINJPG3-150x150.jpeg 150w, https:\/\/www.arteartesania.com\/wp-content\/uploads\/2021\/01\/ROSA_ELORDUI_PASAJERO._DELFINJPG3-80x80.jpeg 80w, https:\/\/www.arteartesania.com\/wp-content\/uploads\/2021\/01\/ROSA_ELORDUI_PASAJERO._DELFINJPG3-100x100.jpeg 100w\" sizes=\"(max-width: 300px) 100vw, 300px\" \/><\/noscript><\/div><div class=\"product-image second-image\"><img decoding=\"async\" width=\"300\" height=\"300\" data-src=\"https:\/\/www.arteartesania.com\/wp-content\/uploads\/2021\/01\/ROSA_ELORDUI_PASAJERO._DELFINJPG7-300x300.jpeg\" class=\"attachment-woocommerce_thumbnail size-woocommerce_thumbnail lazyload\" alt=\"rosa luis elordui cer\u00e1mica\" data-srcset=\"https:\/\/www.arteartesania.com\/wp-content\/uploads\/2021\/01\/ROSA_ELORDUI_PASAJERO._DELFINJPG7-300x300.jpeg 300w, https:\/\/www.arteartesania.com\/wp-content\/uploads\/2021\/01\/ROSA_ELORDUI_PASAJERO._DELFINJPG7-150x150.jpeg 150w, https:\/\/www.arteartesania.com\/wp-content\/uploads\/2021\/01\/ROSA_ELORDUI_PASAJERO._DELFINJPG7-80x80.jpeg 80w, https:\/\/www.arteartesania.com\/wp-content\/uploads\/2021\/01\/ROSA_ELORDUI_PASAJERO._DELFINJPG7-100x100.jpeg 100w\" data-sizes=\"(max-width: 300px) 100vw, 300px\" src=\"data:image\/gif;base64,R0lGODlhAQABAAAAACH5BAEKAAEALAAAAAABAAEAAAICTAEAOw==\" style=\"--smush-placeholder-width: 300px; --smush-placeholder-aspect-ratio: 300\/300;\" \/><noscript><img decoding=\"async\" width=\"300\" height=\"300\" src=\"https:\/\/www.arteartesania.com\/wp-content\/uploads\/2021\/01\/ROSA_ELORDUI_PASAJERO._DELFINJPG7-300x300.jpeg\" class=\"attachment-woocommerce_thumbnail size-woocommerce_thumbnail\" alt=\"rosa luis elordui cer\u00e1mica\" srcset=\"https:\/\/www.arteartesania.com\/wp-content\/uploads\/2021\/01\/ROSA_ELORDUI_PASAJERO._DELFINJPG7-300x300.jpeg 300w, https:\/\/www.arteartesania.com\/wp-content\/uploads\/2021\/01\/ROSA_ELORDUI_PASAJERO._DELFINJPG7-150x150.jpeg 150w, https:\/\/www.arteartesania.com\/wp-content\/uploads\/2021\/01\/ROSA_ELORDUI_PASAJERO._DELFINJPG7-80x80.jpeg 80w, https:\/\/www.arteartesania.com\/wp-content\/uploads\/2021\/01\/ROSA_ELORDUI_PASAJERO._DELFINJPG7-100x100.jpeg 100w\" sizes=\"(max-width: 300px) 100vw, 300px\" \/><\/noscript><\/div>\n    <\/div>\n<\/div>        <div class=\"group-action\">\n            <div class=\"shop-action\">\n                <div class=\"opal-add-to-cart-button\"><a href=\"?add-to-cart=9320\" aria-describedby=\"woocommerce_loop_add_to_cart_link_describedby_9320\" data-quantity=\"1\" class=\"button product_type_simple add_to_cart_button ajax_add_to_cart\" data-product_id=\"9320\" data-product_sku=\"\" aria-label=\"In den Warenkorb legen: \u201eKeramik &quot;PASAJERO en Delfin&quot;  Serie: PASSAGIERE  Verfasser: Rosa Luis Elordui\u201c\" rel=\"nofollow\" data-success_message=\"\u201eKeramik &quot;PASAJERO en Delfin&quot;  Serie: PASSAGIERE  Verfasser: Rosa Luis Elordui\u201c wurde deinem Warenkorb hinzugef\u00fcgt\">In den Warenkorb<\/a><\/div>\t<span id=\"woocommerce_loop_add_to_cart_link_describedby_9320\" class=\"screen-reader-text\">\n\t\t\t<\/span>\n            <\/div>\n        <\/div>\n        <a href=\"https:\/\/www.arteartesania.com\/de\/producto\/keramik-pasajero-en-delfin-serie-passagiere-verfasser-rosa-luis-elordui\/\" class=\"woocommerce-LoopProduct-link woocommerce-loop-product__link\"><\/a><\/div><div class=\"caption\"><h3 class=\"woocommerce-loop-product__title\"><a href=\"https:\/\/www.arteartesania.com\/de\/producto\/keramik-pasajero-en-delfin-serie-passagiere-verfasser-rosa-luis-elordui\/\">Keramik &#8222;PASAJERO en Delfin&#8220;  Serie: PASSAGIERE  Verfasser: Rosa Luis Elordui<\/a><\/h3>\n\t<span class=\"price\"><del aria-hidden=\"true\"><span class=\"woocommerce-Price-amount amount\"><bdi>190.00<span class=\"woocommerce-Price-currencySymbol\">&euro;<\/span><\/bdi><\/span><\/del> <span class=\"screen-reader-text\">Urspr\u00fcnglicher Preis war: 190.00&euro;<\/span><ins aria-hidden=\"true\"><span class=\"woocommerce-Price-amount amount\"><bdi>180.00<span class=\"woocommerce-Price-currencySymbol\">&euro;<\/span><\/bdi><\/span><\/ins><span class=\"screen-reader-text\">Aktueller Preis ist: 180.00&euro;.<\/span><\/span>\n<\/div><\/div><\/li>\n<li class=\"product type-product post-5087 status-publish instock product_cat-art-de product_cat-outlet-dekoration-skulptur product_cat-keramik product_cat-objekte product_cat-rosa-elordui-de product_cat-sale-de product_tag-objetos-de product_tag-ceramica-de product_tag-rosa-elordui-de has-post-thumbnail sale shipping-taxable purchasable product-type-simple\">\n\t<div class=\"product-block\"><div class=\"product-transition\"><span class=\"onsale\">-9%<\/span><div class=\"product-img-wrap none\">\n    <div class=\"inner\">\n        <div class=\"product-image\"><img loading=\"lazy\" decoding=\"async\" width=\"300\" height=\"300\" data-src=\"https:\/\/www.arteartesania.com\/wp-content\/uploads\/2020\/02\/ROSA_TETERA_TE-JO_2-300x300.jpg\" class=\"attachment-woocommerce_thumbnail size-woocommerce_thumbnail lazyload\" alt=\"rosa luis elordui cer\u00e1mica\" data-srcset=\"https:\/\/www.arteartesania.com\/wp-content\/uploads\/2020\/02\/ROSA_TETERA_TE-JO_2-300x300.jpg 300w, https:\/\/www.arteartesania.com\/wp-content\/uploads\/2020\/02\/ROSA_TETERA_TE-JO_2-150x150.jpg 150w, https:\/\/www.arteartesania.com\/wp-content\/uploads\/2020\/02\/ROSA_TETERA_TE-JO_2-100x100.jpg 100w\" data-sizes=\"(max-width: 300px) 100vw, 300px\" src=\"data:image\/gif;base64,R0lGODlhAQABAAAAACH5BAEKAAEALAAAAAABAAEAAAICTAEAOw==\" style=\"--smush-placeholder-width: 300px; --smush-placeholder-aspect-ratio: 300\/300;\" \/><noscript><img loading=\"lazy\" decoding=\"async\" width=\"300\" height=\"300\" src=\"https:\/\/www.arteartesania.com\/wp-content\/uploads\/2020\/02\/ROSA_TETERA_TE-JO_2-300x300.jpg\" class=\"attachment-woocommerce_thumbnail size-woocommerce_thumbnail\" alt=\"rosa luis elordui cer\u00e1mica\" srcset=\"https:\/\/www.arteartesania.com\/wp-content\/uploads\/2020\/02\/ROSA_TETERA_TE-JO_2-300x300.jpg 300w, https:\/\/www.arteartesania.com\/wp-content\/uploads\/2020\/02\/ROSA_TETERA_TE-JO_2-150x150.jpg 150w, https:\/\/www.arteartesania.com\/wp-content\/uploads\/2020\/02\/ROSA_TETERA_TE-JO_2-100x100.jpg 100w\" sizes=\"(max-width: 300px) 100vw, 300px\" \/><\/noscript><\/div><div class=\"product-image second-image\"><img loading=\"lazy\" decoding=\"async\" width=\"300\" height=\"300\" data-src=\"https:\/\/www.arteartesania.com\/wp-content\/uploads\/2020\/02\/ROSA_TETERA_TE-JO_3-300x300.jpg\" class=\"attachment-woocommerce_thumbnail size-woocommerce_thumbnail lazyload\" alt=\"rosa luis elordui cer\u00e1mica\" data-srcset=\"https:\/\/www.arteartesania.com\/wp-content\/uploads\/2020\/02\/ROSA_TETERA_TE-JO_3-300x300.jpg 300w, https:\/\/www.arteartesania.com\/wp-content\/uploads\/2020\/02\/ROSA_TETERA_TE-JO_3-150x150.jpg 150w, https:\/\/www.arteartesania.com\/wp-content\/uploads\/2020\/02\/ROSA_TETERA_TE-JO_3-100x100.jpg 100w\" data-sizes=\"(max-width: 300px) 100vw, 300px\" src=\"data:image\/gif;base64,R0lGODlhAQABAAAAACH5BAEKAAEALAAAAAABAAEAAAICTAEAOw==\" style=\"--smush-placeholder-width: 300px; --smush-placeholder-aspect-ratio: 300\/300;\" \/><noscript><img loading=\"lazy\" decoding=\"async\" width=\"300\" height=\"300\" src=\"https:\/\/www.arteartesania.com\/wp-content\/uploads\/2020\/02\/ROSA_TETERA_TE-JO_3-300x300.jpg\" class=\"attachment-woocommerce_thumbnail size-woocommerce_thumbnail\" alt=\"rosa luis elordui cer\u00e1mica\" srcset=\"https:\/\/www.arteartesania.com\/wp-content\/uploads\/2020\/02\/ROSA_TETERA_TE-JO_3-300x300.jpg 300w, https:\/\/www.arteartesania.com\/wp-content\/uploads\/2020\/02\/ROSA_TETERA_TE-JO_3-150x150.jpg 150w, https:\/\/www.arteartesania.com\/wp-content\/uploads\/2020\/02\/ROSA_TETERA_TE-JO_3-100x100.jpg 100w\" sizes=\"(max-width: 300px) 100vw, 300px\" \/><\/noscript><\/div>\n    <\/div>\n<\/div>        <div class=\"group-action\">\n            <div class=\"shop-action\">\n                <div class=\"opal-add-to-cart-button\"><a href=\"?add-to-cart=5087\" aria-describedby=\"woocommerce_loop_add_to_cart_link_describedby_5087\" data-quantity=\"1\" class=\"button product_type_simple add_to_cart_button ajax_add_to_cart\" data-product_id=\"5087\" data-product_sku=\"\" aria-label=\"In den Warenkorb legen: \u201eKeramik &quot;Te-Jo Teekanne&quot;  TETEREAS-Serie  Verfasser: Rosa luis Elordui\u201c\" rel=\"nofollow\" data-success_message=\"\u201eKeramik &quot;Te-Jo Teekanne&quot;  TETEREAS-Serie  Verfasser: Rosa luis Elordui\u201c wurde deinem Warenkorb hinzugef\u00fcgt\">In den Warenkorb<\/a><\/div>\t<span id=\"woocommerce_loop_add_to_cart_link_describedby_5087\" class=\"screen-reader-text\">\n\t\t\t<\/span>\n            <\/div>\n        <\/div>\n        <a href=\"https:\/\/www.arteartesania.com\/de\/producto\/tetera-te-jo\/\" class=\"woocommerce-LoopProduct-link woocommerce-loop-product__link\"><\/a><\/div><div class=\"caption\"><h3 class=\"woocommerce-loop-product__title\"><a href=\"https:\/\/www.arteartesania.com\/de\/producto\/tetera-te-jo\/\">Keramik &#8222;Te-Jo Teekanne&#8220;  TETEREAS-Serie  Verfasser: Rosa luis Elordui<\/a><\/h3>\n\t<span class=\"price\"><del aria-hidden=\"true\"><span class=\"woocommerce-Price-amount amount\"><bdi>550.00<span class=\"woocommerce-Price-currencySymbol\">&euro;<\/span><\/bdi><\/span><\/del> <span class=\"screen-reader-text\">Urspr\u00fcnglicher Preis war: 550.00&euro;<\/span><ins aria-hidden=\"true\"><span class=\"woocommerce-Price-amount amount\"><bdi>500.00<span class=\"woocommerce-Price-currencySymbol\">&euro;<\/span><\/bdi><\/span><\/ins><span class=\"screen-reader-text\">Aktueller Preis ist: 500.00&euro;.<\/span><\/span>\n<\/div><\/div><\/li>\n<\/ul>\n<\/div>\t\t<\/div>\n\t\t\t\t<\/div>\n\t\t\t\t\t<\/div>\n\t\t<\/div>\n\t\t\t\t\t<\/div>\n\t\t<\/section>\n\t\t\t\t<section class=\"elementor-section elementor-top-section elementor-element elementor-element-f7b8c3b elementor-section-boxed elementor-section-height-default elementor-section-height-default\" data-id=\"f7b8c3b\" data-element_type=\"section\" data-settings=\"{&quot;background_background&quot;:&quot;classic&quot;}\">\n\t\t\t\t\t\t\t<div class=\"elementor-background-overlay\"><\/div>\n\t\t\t\t\t\t\t<div class=\"elementor-container elementor-column-gap-no\">\n\t\t\t\t\t<div class=\"elementor-column elementor-col-100 elementor-top-column elementor-element elementor-element-c6d095a animated-fast elementor-invisible\" data-id=\"c6d095a\" data-element_type=\"column\" data-settings=\"{&quot;background_background&quot;:&quot;classic&quot;,&quot;animation&quot;:&quot;opal-move-left&quot;}\">\n\t\t\t<div class=\"elementor-widget-wrap elementor-element-populated\">\n\t\t\t\t\t\t<div class=\"elementor-element elementor-element-bbe8722 elementor-button-outline_dark elementor-align-center elementor-widget elementor-widget-button\" data-id=\"bbe8722\" data-element_type=\"widget\" data-widget_type=\"button.default\">\n\t\t\t\t<div class=\"elementor-widget-container\">\n\t\t\t        <div class=\"elementor-button-wrapper\">\n            <a href=\"https:\/\/www.arteartesania.com\/de\/categoria-producto\/kuenstler\/rosa-elordui-de\/\" class=\"elementor-button-link elementor-button elementor-size-sm\" role=\"button\">\n                \t\t<span class=\"elementor-button-content-wrapper\">\n\t\t\t\t\t\t\t\t\t<span class=\"elementor-button-text\">Ver todos los productos de Rosa Elordui<\/span>\n\t\t\t\t\t<\/span>\n\t\t            <\/a>\n        <\/div>\n        \t\t<\/div>\n\t\t\t\t<\/div>\n\t\t\t\t\t<\/div>\n\t\t<\/div>\n\t\t\t\t\t<\/div>\n\t\t<\/section>\n\t\t\t\t<section class=\"elementor-section elementor-top-section elementor-element elementor-element-4dcc900 elementor-section-stretched elementor-section-boxed elementor-section-height-default elementor-section-height-default\" data-id=\"4dcc900\" data-element_type=\"section\" data-settings=\"{&quot;background_background&quot;:&quot;classic&quot;,&quot;stretch_section&quot;:&quot;section-stretched&quot;}\">\n\t\t\t\t\t\t\t<div class=\"elementor-background-overlay\"><\/div>\n\t\t\t\t\t\t\t<div class=\"elementor-container elementor-column-gap-no\">\n\t\t\t\t\t<div class=\"elementor-column elementor-col-100 elementor-top-column elementor-element elementor-element-7d96370 animated-fast elementor-invisible\" data-id=\"7d96370\" data-element_type=\"column\" data-settings=\"{&quot;background_background&quot;:&quot;classic&quot;,&quot;animation&quot;:&quot;opal-move-left&quot;}\">\n\t\t\t<div class=\"elementor-widget-wrap elementor-element-populated\">\n\t\t\t\t\t\t<div class=\"elementor-element elementor-element-ecc81bb elementor-widget elementor-widget-heading\" data-id=\"ecc81bb\" data-element_type=\"widget\" data-widget_type=\"heading.default\">\n\t\t\t\t<div class=\"elementor-widget-container\">\n\t\t\t<div class=\"elementor-heading-wrapper\" ><div class=\"elementor-heading-wrapper-inner\"><h2 class=\"elementor-heading-title elementor-size-default\">Exposiciones<\/h2><\/div><\/div>\t\t<\/div>\n\t\t\t\t<\/div>\n\t\t\t\t<div class=\"elementor-element elementor-element-b6eda64 elementor-widget elementor-widget-text-editor\" data-id=\"b6eda64\" data-element_type=\"widget\" data-widget_type=\"text-editor.default\">\n\t\t\t\t<div class=\"elementor-widget-container\">\n\t\t\t        <div class=\"elementor-text-editor elementor-clearfix\"><p>\u00daltimas exposiciones de Rosa Elordui<\/p><\/div>\n        \t\t<\/div>\n\t\t\t\t<\/div>\n\t\t\t\t<div class=\"elementor-element elementor-element-dbe6e69 elementor-widget elementor-widget-opal-post-grid\" data-id=\"dbe6e69\" data-element_type=\"widget\" data-widget_type=\"opal-post-grid.default\">\n\t\t\t\t<div class=\"elementor-widget-container\">\n\t\t\t        <div class=\"elementor-post-wrapper post-style-1\">\n            <div class=\"row\" data-elementor-columns=\"3\" data-elementor-columns-tablet=\"1\" data-elementor-columns-mobile=\"1\">\n\n                <div class=\"column-item post-style-1\">\n    <div class=\"post-inner\">\n\n                    <div class=\"post-thumbnail\">\n                <a href=\"https:\/\/www.arteartesania.com\/de\/rosa-elordui-ausstellung-in-arteartesania-passagiere-vom-3-bis-21-juni-2011\/\">\n                    <img loading=\"lazy\" decoding=\"async\" width=\"420\" height=\"315\" data-src=\"https:\/\/www.arteartesania.com\/wp-content\/uploads\/2021\/01\/6.jpg\" class=\"attachment-quapa-featured-image-full size-quapa-featured-image-full wp-post-image lazyload\" alt=\"ROSA ELORDUI EXPO PASAJEROS\" data-srcset=\"https:\/\/www.arteartesania.com\/wp-content\/uploads\/2021\/01\/6.jpg 420w, https:\/\/www.arteartesania.com\/wp-content\/uploads\/2021\/01\/6-300x225.jpg 300w\" data-sizes=\"(max-width: 420px) 100vw, 420px\" src=\"data:image\/gif;base64,R0lGODlhAQABAAAAACH5BAEKAAEALAAAAAABAAEAAAICTAEAOw==\" style=\"--smush-placeholder-width: 420px; --smush-placeholder-aspect-ratio: 420\/315;\" \/><noscript><img loading=\"lazy\" decoding=\"async\" width=\"420\" height=\"315\" src=\"https:\/\/www.arteartesania.com\/wp-content\/uploads\/2021\/01\/6.jpg\" class=\"attachment-quapa-featured-image-full size-quapa-featured-image-full wp-post-image\" alt=\"ROSA ELORDUI EXPO PASAJEROS\" srcset=\"https:\/\/www.arteartesania.com\/wp-content\/uploads\/2021\/01\/6.jpg 420w, https:\/\/www.arteartesania.com\/wp-content\/uploads\/2021\/01\/6-300x225.jpg 300w\" sizes=\"(max-width: 420px) 100vw, 420px\" \/><\/noscript>                <\/a>\n            <\/div><!-- .post-thumbnail -->\n\n                <div class=\"entry-header\">\n            <span class=\"cat-links\"><span class=\"screen-reader-text\">Categories<\/span><a href=\"https:\/\/www.arteartesania.com\/de\/category\/ausstellungen\/\" rel=\"category tag\">Ausstellungen<\/a> <a href=\"https:\/\/www.arteartesania.com\/de\/category\/ausstellungen\/rosa-elordui-de\/\" rel=\"category tag\">Rosa Elordui<\/a><\/span>            <h3 class=\"entry-title\"><a href=\"https:\/\/www.arteartesania.com\/de\/rosa-elordui-ausstellung-in-arteartesania-passagiere-vom-3-bis-21-juni-2011\/\">Rosa Elordui Ausstellung in ARTEARTESANIA &#8222;Passagiere&#8220; Vom 3. bis 21. Juni 2011<\/a><\/h3>\n        <\/div>\n    <\/div>\n<\/div>            <\/div>\n\n                    <\/div>\n        \t\t<\/div>\n\t\t\t\t<\/div>\n\t\t\t\t<div class=\"elementor-element elementor-element-2443a17 elementor-button-outline_dark elementor-align-center elementor-widget elementor-widget-button\" data-id=\"2443a17\" data-element_type=\"widget\" data-widget_type=\"button.default\">\n\t\t\t\t<div class=\"elementor-widget-container\">\n\t\t\t        <div class=\"elementor-button-wrapper\">\n            <a href=\"https:\/\/www.arteartesania.com\/de\/category\/ausstellungen\/rosa-elordui-de\/\" class=\"elementor-button-link elementor-button elementor-size-sm\" role=\"button\">\n                \t\t<span class=\"elementor-button-content-wrapper\">\n\t\t\t\t\t\t\t\t\t<span class=\"elementor-button-text\">Ver exposiciones de Rosa Elordui<\/span>\n\t\t\t\t\t<\/span>\n\t\t            <\/a>\n        <\/div>\n        \t\t<\/div>\n\t\t\t\t<\/div>\n\t\t\t\t\t<\/div>\n\t\t<\/div>\n\t\t\t\t\t<\/div>\n\t\t<\/section>\n\t\t\t\t<\/div>\n\t\t","protected":false},"excerpt":{"rendered":"<p>CER\u00c1MICA Rosa Elordui Utiliza como material el Barro refractario, cocido en horno de gas a 1.280 C\u00baTrabaja las formas con planchas y decora con engobe de porcelana, \u00f3xidos met\u00e1licos y serigraf\u00edas.El estilo de Rosa Luis Elordui ha ido evolucionando hacia una estilizaci\u00f3n de las formas. El espacio interior se ha reducido y las bases el\u00edpticas &hellip; <\/p>\n<p class=\"link-more\"><a href=\"https:\/\/www.arteartesania.com\/de\/rosa-elordui-ausstellung-in-arteartesania-passagiere-vom-3-bis-21-juni-2011\/\" class=\"more-link\">Read More <span class=\"screen-reader-text\"> &#8222;Rosa Elordui Ausstellung in ARTEARTESANIA &#8222;Passagiere&#8220; Vom 3. bis 21. Juni 2011&#8243;<\/span><\/a><\/p>\n","protected":false},"author":1,"featured_media":0,"parent":4438,"menu_order":0,"comment_status":"closed","ping_status":"closed","template":"page-elementor.php","meta":{"_acf_changed":false,"inline_featured_image":false,"footnotes":""},"class_list":["post-4524","page","type-page","status-publish","hentry"],"acf":[],"yoast_head":"<!-- This site is optimized with the Yoast SEO plugin v23.6 - https:\/\/yoast.com\/wordpress\/plugins\/seo\/ -->\n<title>Kuenstler in Arteartesania - Rosa Elordui, Keramikarbeiten<\/title>\n<meta name=\"robots\" content=\"index, follow, max-snippet:-1, max-image-preview:large, max-video-preview:-1\" \/>\n<link rel=\"canonical\" href=\"https:\/\/www.arteartesania.com\/de\/kuenstler\/rosa-elordui\/\" \/>\n<meta property=\"og:locale\" content=\"de_DE\" \/>\n<meta property=\"og:type\" content=\"article\" \/>\n<meta property=\"og:title\" content=\"Kuenstler in Arteartesania - Rosa Elordui, Keramikarbeiten\" \/>\n<meta property=\"og:description\" content=\"CER\u00c1MICA Rosa Elordui Utiliza como material el Barro refractario, cocido en horno de gas a 1.280 C\u00baTrabaja las formas con planchas y decora con engobe de porcelana, \u00f3xidos met\u00e1licos y serigraf\u00edas.El estilo de Rosa Luis Elordui ha ido evolucionando hacia una estilizaci\u00f3n de las formas. El espacio interior se ha reducido y las bases el\u00edpticas &hellip; Read More &quot;Rosa Elordui Ausstellung in ARTEARTESANIA &#8222;Passagiere&#8220; Vom 3. bis 21. Juni 2011&quot;\" \/>\n<meta property=\"og:url\" content=\"https:\/\/www.arteartesania.com\/de\/kuenstler\/rosa-elordui\/\" \/>\n<meta property=\"og:site_name\" content=\"Arteartesania\" \/>\n<meta property=\"article:modified_time\" content=\"2020-07-09T09:48:40+00:00\" \/>\n<meta property=\"og:image\" content=\"https:\/\/www.arteartesania.com\/wp-content\/uploads\/2020\/02\/rosaelordui.jpg\" \/>\n<meta name=\"twitter:card\" content=\"summary_large_image\" \/>\n<meta name=\"twitter:label1\" content=\"Gesch\u00e4tzte Lesezeit\" \/>\n\t<meta name=\"twitter:data1\" content=\"1\u00a0Minute\" \/>\n<script type=\"application\/ld+json\" class=\"yoast-schema-graph\">{\"@context\":\"https:\/\/schema.org\",\"@graph\":[{\"@type\":\"WebPage\",\"@id\":\"https:\/\/www.arteartesania.com\/de\/kuenstler\/rosa-elordui\/\",\"url\":\"https:\/\/www.arteartesania.com\/de\/kuenstler\/rosa-elordui\/\",\"name\":\"Kuenstler in Arteartesania - Rosa Elordui, Keramikarbeiten\",\"isPartOf\":{\"@id\":\"https:\/\/www.arteartesania.com\/de\/#website\"},\"primaryImageOfPage\":{\"@id\":\"https:\/\/www.arteartesania.com\/de\/kuenstler\/rosa-elordui\/#primaryimage\"},\"image\":{\"@id\":\"https:\/\/www.arteartesania.com\/de\/kuenstler\/rosa-elordui\/#primaryimage\"},\"thumbnailUrl\":\"https:\/\/www.arteartesania.com\/wp-content\/uploads\/2020\/02\/rosaelordui.jpg\",\"datePublished\":\"2020-02-21T09:29:34+00:00\",\"dateModified\":\"2020-07-09T09:48:40+00:00\",\"breadcrumb\":{\"@id\":\"https:\/\/www.arteartesania.com\/de\/kuenstler\/rosa-elordui\/#breadcrumb\"},\"inLanguage\":\"de\",\"potentialAction\":[{\"@type\":\"ReadAction\",\"target\":[\"https:\/\/www.arteartesania.com\/de\/kuenstler\/rosa-elordui\/\"]}]},{\"@type\":\"ImageObject\",\"inLanguage\":\"de\",\"@id\":\"https:\/\/www.arteartesania.com\/de\/kuenstler\/rosa-elordui\/#primaryimage\",\"url\":\"https:\/\/www.arteartesania.com\/wp-content\/uploads\/2020\/02\/rosaelordui.jpg\",\"contentUrl\":\"https:\/\/www.arteartesania.com\/wp-content\/uploads\/2020\/02\/rosaelordui.jpg\"},{\"@type\":\"BreadcrumbList\",\"@id\":\"https:\/\/www.arteartesania.com\/de\/kuenstler\/rosa-elordui\/#breadcrumb\",\"itemListElement\":[{\"@type\":\"ListItem\",\"position\":1,\"name\":\"Portada\",\"item\":\"https:\/\/www.arteartesania.com\/de\/\"},{\"@type\":\"ListItem\",\"position\":2,\"name\":\"K\u00fcnstler\",\"item\":\"https:\/\/www.arteartesania.com\/de\/kuenstler\/\"},{\"@type\":\"ListItem\",\"position\":3,\"name\":\"Rosa Elordui\"}]},{\"@type\":\"WebSite\",\"@id\":\"https:\/\/www.arteartesania.com\/de\/#website\",\"url\":\"https:\/\/www.arteartesania.com\/de\/\",\"name\":\"Arteartesania\",\"description\":\"Original selecci\u00f3n de Artesan\u00eda Contempor\u00e1nea de Autor\",\"publisher\":{\"@id\":\"https:\/\/www.arteartesania.com\/de\/#organization\"},\"potentialAction\":[{\"@type\":\"SearchAction\",\"target\":{\"@type\":\"EntryPoint\",\"urlTemplate\":\"https:\/\/www.arteartesania.com\/de\/?s={search_term_string}\"},\"query-input\":{\"@type\":\"PropertyValueSpecification\",\"valueRequired\":true,\"valueName\":\"search_term_string\"}}],\"inLanguage\":\"de\"},{\"@type\":\"Organization\",\"@id\":\"https:\/\/www.arteartesania.com\/de\/#organization\",\"name\":\"Arteartesania\",\"url\":\"https:\/\/www.arteartesania.com\/de\/\",\"logo\":{\"@type\":\"ImageObject\",\"inLanguage\":\"de\",\"@id\":\"https:\/\/www.arteartesania.com\/de\/#\/schema\/logo\/image\/\",\"url\":\"https:\/\/www.arteartesania.com\/wp-content\/uploads\/2019\/12\/cropped-logofooter.png\",\"contentUrl\":\"https:\/\/www.arteartesania.com\/wp-content\/uploads\/2019\/12\/cropped-logofooter.png\",\"width\":539,\"height\":58,\"caption\":\"Arteartesania\"},\"image\":{\"@id\":\"https:\/\/www.arteartesania.com\/de\/#\/schema\/logo\/image\/\"}}]}<\/script>\n<!-- \/ Yoast SEO plugin. -->","yoast_head_json":{"title":"Kuenstler in Arteartesania - Rosa Elordui, Keramikarbeiten","robots":{"index":"index","follow":"follow","max-snippet":"max-snippet:-1","max-image-preview":"max-image-preview:large","max-video-preview":"max-video-preview:-1"},"canonical":"https:\/\/www.arteartesania.com\/de\/kuenstler\/rosa-elordui\/","og_locale":"de_DE","og_type":"article","og_title":"Kuenstler in Arteartesania - Rosa Elordui, Keramikarbeiten","og_description":"CER\u00c1MICA Rosa Elordui Utiliza como material el Barro refractario, cocido en horno de gas a 1.280 C\u00baTrabaja las formas con planchas y decora con engobe de porcelana, \u00f3xidos met\u00e1licos y serigraf\u00edas.El estilo de Rosa Luis Elordui ha ido evolucionando hacia una estilizaci\u00f3n de las formas. El espacio interior se ha reducido y las bases el\u00edpticas &hellip; Read More \"Rosa Elordui Ausstellung in ARTEARTESANIA &#8222;Passagiere&#8220; Vom 3. bis 21. Juni 2011\"","og_url":"https:\/\/www.arteartesania.com\/de\/kuenstler\/rosa-elordui\/","og_site_name":"Arteartesania","article_modified_time":"2020-07-09T09:48:40+00:00","og_image":[{"url":"https:\/\/www.arteartesania.com\/wp-content\/uploads\/2020\/02\/rosaelordui.jpg"}],"twitter_card":"summary_large_image","twitter_misc":{"Gesch\u00e4tzte Lesezeit":"1\u00a0Minute"},"schema":{"@context":"https:\/\/schema.org","@graph":[{"@type":"WebPage","@id":"https:\/\/www.arteartesania.com\/de\/kuenstler\/rosa-elordui\/","url":"https:\/\/www.arteartesania.com\/de\/kuenstler\/rosa-elordui\/","name":"Kuenstler in Arteartesania - Rosa Elordui, Keramikarbeiten","isPartOf":{"@id":"https:\/\/www.arteartesania.com\/de\/#website"},"primaryImageOfPage":{"@id":"https:\/\/www.arteartesania.com\/de\/kuenstler\/rosa-elordui\/#primaryimage"},"image":{"@id":"https:\/\/www.arteartesania.com\/de\/kuenstler\/rosa-elordui\/#primaryimage"},"thumbnailUrl":"https:\/\/www.arteartesania.com\/wp-content\/uploads\/2020\/02\/rosaelordui.jpg","datePublished":"2020-02-21T09:29:34+00:00","dateModified":"2020-07-09T09:48:40+00:00","breadcrumb":{"@id":"https:\/\/www.arteartesania.com\/de\/kuenstler\/rosa-elordui\/#breadcrumb"},"inLanguage":"de","potentialAction":[{"@type":"ReadAction","target":["https:\/\/www.arteartesania.com\/de\/kuenstler\/rosa-elordui\/"]}]},{"@type":"ImageObject","inLanguage":"de","@id":"https:\/\/www.arteartesania.com\/de\/kuenstler\/rosa-elordui\/#primaryimage","url":"https:\/\/www.arteartesania.com\/wp-content\/uploads\/2020\/02\/rosaelordui.jpg","contentUrl":"https:\/\/www.arteartesania.com\/wp-content\/uploads\/2020\/02\/rosaelordui.jpg"},{"@type":"BreadcrumbList","@id":"https:\/\/www.arteartesania.com\/de\/kuenstler\/rosa-elordui\/#breadcrumb","itemListElement":[{"@type":"ListItem","position":1,"name":"Portada","item":"https:\/\/www.arteartesania.com\/de\/"},{"@type":"ListItem","position":2,"name":"K\u00fcnstler","item":"https:\/\/www.arteartesania.com\/de\/kuenstler\/"},{"@type":"ListItem","position":3,"name":"Rosa Elordui"}]},{"@type":"WebSite","@id":"https:\/\/www.arteartesania.com\/de\/#website","url":"https:\/\/www.arteartesania.com\/de\/","name":"Arteartesania","description":"Original selecci\u00f3n de Artesan\u00eda Contempor\u00e1nea de Autor","publisher":{"@id":"https:\/\/www.arteartesania.com\/de\/#organization"},"potentialAction":[{"@type":"SearchAction","target":{"@type":"EntryPoint","urlTemplate":"https:\/\/www.arteartesania.com\/de\/?s={search_term_string}"},"query-input":{"@type":"PropertyValueSpecification","valueRequired":true,"valueName":"search_term_string"}}],"inLanguage":"de"},{"@type":"Organization","@id":"https:\/\/www.arteartesania.com\/de\/#organization","name":"Arteartesania","url":"https:\/\/www.arteartesania.com\/de\/","logo":{"@type":"ImageObject","inLanguage":"de","@id":"https:\/\/www.arteartesania.com\/de\/#\/schema\/logo\/image\/","url":"https:\/\/www.arteartesania.com\/wp-content\/uploads\/2019\/12\/cropped-logofooter.png","contentUrl":"https:\/\/www.arteartesania.com\/wp-content\/uploads\/2019\/12\/cropped-logofooter.png","width":539,"height":58,"caption":"Arteartesania"},"image":{"@id":"https:\/\/www.arteartesania.com\/de\/#\/schema\/logo\/image\/"}}]}},"_links":{"self":[{"href":"https:\/\/www.arteartesania.com\/de\/wp-json\/wp\/v2\/pages\/4524"}],"collection":[{"href":"https:\/\/www.arteartesania.com\/de\/wp-json\/wp\/v2\/pages"}],"about":[{"href":"https:\/\/www.arteartesania.com\/de\/wp-json\/wp\/v2\/types\/page"}],"author":[{"embeddable":true,"href":"https:\/\/www.arteartesania.com\/de\/wp-json\/wp\/v2\/users\/1"}],"replies":[{"embeddable":true,"href":"https:\/\/www.arteartesania.com\/de\/wp-json\/wp\/v2\/comments?post=4524"}],"version-history":[{"count":4,"href":"https:\/\/www.arteartesania.com\/de\/wp-json\/wp\/v2\/pages\/4524\/revisions"}],"predecessor-version":[{"id":7223,"href":"https:\/\/www.arteartesania.com\/de\/wp-json\/wp\/v2\/pages\/4524\/revisions\/7223"}],"up":[{"embeddable":true,"href":"https:\/\/www.arteartesania.com\/de\/wp-json\/wp\/v2\/pages\/4438"}],"wp:attachment":[{"href":"https:\/\/www.arteartesania.com\/de\/wp-json\/wp\/v2\/media?parent=4524"}],"curies":[{"name":"wp","href":"https:\/\/api.w.org\/{rel}","templated":true}]}}