{"id":4508,"date":"2020-02-03T14:48:00","date_gmt":"2020-02-03T13:48:00","guid":{"rendered":"http:\/\/www.arteartesania.com\/artistas\/dora-good\/"},"modified":"2020-07-09T11:55:52","modified_gmt":"2020-07-09T09:55:52","slug":"dora-good","status":"publish","type":"page","link":"https:\/\/www.arteartesania.com\/de\/kuenstler\/dora-good\/","title":{"rendered":"Dora Good"},"content":{"rendered":"\t\t<div data-elementor-type=\"wp-page\" data-elementor-id=\"4508\" class=\"elementor elementor-4508 elementor-3759\">\n\t\t\t\t\t\t<section class=\"elementor-section elementor-top-section elementor-element elementor-element-1060435 elementor-section-stretched elementor-section-height-min-height elementor-section-boxed elementor-section-height-default elementor-section-items-middle\" data-id=\"1060435\" data-element_type=\"section\" data-settings=\"{&quot;stretch_section&quot;:&quot;section-stretched&quot;,&quot;background_background&quot;:&quot;classic&quot;}\">\n\t\t\t\t\t\t<div class=\"elementor-container elementor-column-gap-default\">\n\t\t\t\t\t<div class=\"elementor-column elementor-col-100 elementor-top-column elementor-element elementor-element-4de294b\" data-id=\"4de294b\" data-element_type=\"column\">\n\t\t\t<div class=\"elementor-widget-wrap\">\n\t\t\t\t\t\t\t<\/div>\n\t\t<\/div>\n\t\t\t\t\t<\/div>\n\t\t<\/section>\n\t\t\t\t<section class=\"elementor-section elementor-top-section elementor-element elementor-element-c1e9c0b elementor-section-full_width elementor-section-content-top elementor-reverse-mobile elementor-section-height-default elementor-section-height-default\" data-id=\"c1e9c0b\" data-element_type=\"section\">\n\t\t\t\t\t\t<div class=\"elementor-container elementor-column-gap-no\">\n\t\t\t\t\t<div class=\"elementor-column elementor-col-50 elementor-top-column elementor-element elementor-element-9773233\" data-id=\"9773233\" data-element_type=\"column\">\n\t\t\t<div class=\"elementor-widget-wrap elementor-element-populated\">\n\t\t\t\t\t\t<section class=\"elementor-section elementor-inner-section elementor-element elementor-element-b7c8dbc elementor-section-full_width elementor-section-height-default elementor-section-height-default\" data-id=\"b7c8dbc\" data-element_type=\"section\" data-settings=\"{&quot;background_background&quot;:&quot;classic&quot;}\">\n\t\t\t\t\t\t<div class=\"elementor-container elementor-column-gap-no\">\n\t\t\t\t\t<div class=\"elementor-column elementor-col-100 elementor-inner-column elementor-element elementor-element-95b8e36\" data-id=\"95b8e36\" data-element_type=\"column\">\n\t\t\t<div class=\"elementor-widget-wrap elementor-element-populated\">\n\t\t\t\t\t\t<div class=\"elementor-element elementor-element-168d406 elementor-widget elementor-widget-image\" data-id=\"168d406\" data-element_type=\"widget\" data-widget_type=\"image.default\">\n\t\t\t\t<div class=\"elementor-widget-container\">\n\t\t\t\t\t\t\t\t\t\t\t\t\t<img fetchpriority=\"high\" decoding=\"async\" width=\"600\" height=\"600\" src=\"https:\/\/www.arteartesania.com\/wp-content\/uploads\/2020\/02\/DORA_GOOD.jpg\" class=\"attachment-woocommerce_single size-woocommerce_single wp-image-4466\" alt=\"dora good cer\u00e1mica, jarrones de cer\u00e1mica,\" srcset=\"https:\/\/www.arteartesania.com\/wp-content\/uploads\/2020\/02\/DORA_GOOD.jpg 600w, https:\/\/www.arteartesania.com\/wp-content\/uploads\/2020\/02\/DORA_GOOD-300x300.jpg 300w, https:\/\/www.arteartesania.com\/wp-content\/uploads\/2020\/02\/DORA_GOOD-150x150.jpg 150w, https:\/\/www.arteartesania.com\/wp-content\/uploads\/2020\/02\/DORA_GOOD-100x100.jpg 100w\" sizes=\"(max-width: 600px) 100vw, 600px\" \/>\t\t\t\t\t\t\t\t\t\t\t\t\t<\/div>\n\t\t\t\t<\/div>\n\t\t\t\t\t<\/div>\n\t\t<\/div>\n\t\t\t\t\t<\/div>\n\t\t<\/section>\n\t\t\t\t\t<\/div>\n\t\t<\/div>\n\t\t\t\t<div class=\"elementor-column elementor-col-50 elementor-top-column elementor-element elementor-element-43920f8\" data-id=\"43920f8\" data-element_type=\"column\" data-settings=\"{&quot;background_background&quot;:&quot;classic&quot;}\">\n\t\t\t<div class=\"elementor-widget-wrap elementor-element-populated\">\n\t\t\t\t\t\t<div class=\"elementor-element elementor-element-8a7dbdb elementor-widget elementor-widget-text-editor\" data-id=\"8a7dbdb\" data-element_type=\"widget\" data-widget_type=\"text-editor.default\">\n\t\t\t\t<div class=\"elementor-widget-container\">\n\t\t\t        <div class=\"elementor-text-editor elementor-clearfix\"><p>CER\u00c1MICA<\/p><\/div>\n        \t\t<\/div>\n\t\t\t\t<\/div>\n\t\t\t\t<div class=\"elementor-element elementor-element-d2d16e3 elementor-widget elementor-widget-text-editor\" data-id=\"d2d16e3\" data-element_type=\"widget\" data-widget_type=\"text-editor.default\">\n\t\t\t\t<div class=\"elementor-widget-container\">\n\t\t\t        <div class=\"elementor-text-editor elementor-clearfix\"><p>Dora Good<\/p><\/div>\n        \t\t<\/div>\n\t\t\t\t<\/div>\n\t\t\t\t<div class=\"elementor-element elementor-element-9ea0776 elementor-widget elementor-widget-spacer\" data-id=\"9ea0776\" data-element_type=\"widget\" data-widget_type=\"spacer.default\">\n\t\t\t\t<div class=\"elementor-widget-container\">\n\t\t\t        <div class=\"elementor-spacer\">\n            <div class=\"elementor-spacer-inner\"><\/div>\n        <\/div>\n\t\t\t\t<\/div>\n\t\t\t\t<\/div>\n\t\t\t\t<div class=\"elementor-element elementor-element-da8f4d4 elementor-widget elementor-widget-text-editor\" data-id=\"da8f4d4\" data-element_type=\"widget\" data-widget_type=\"text-editor.default\">\n\t\t\t\t<div class=\"elementor-widget-container\">\n\t\t\t        <div class=\"elementor-text-editor elementor-clearfix\"><p>Dora Good es una Artesana radicada en Deia,<\/p><p>Sus piezas est\u00e1n hechas de arcillas de gres y terminadas con esmaltes de alto fuego o t\u00e9cnicas primitivas, como la cocci\u00f3n negra<\/p><\/div>\n        \t\t<\/div>\n\t\t\t\t<\/div>\n\t\t\t\t<div class=\"elementor-element elementor-element-4497dc0 elementor-widget elementor-widget-spacer\" data-id=\"4497dc0\" data-element_type=\"widget\" data-widget_type=\"spacer.default\">\n\t\t\t\t<div class=\"elementor-widget-container\">\n\t\t\t        <div class=\"elementor-spacer\">\n            <div class=\"elementor-spacer-inner\"><\/div>\n        <\/div>\n\t\t\t\t<\/div>\n\t\t\t\t<\/div>\n\t\t\t\t<section class=\"elementor-section elementor-inner-section elementor-element elementor-element-6bf593e elementor-section-boxed elementor-section-height-default elementor-section-height-default\" data-id=\"6bf593e\" data-element_type=\"section\">\n\t\t\t\t\t\t<div class=\"elementor-container elementor-column-gap-default\">\n\t\t\t\t\t<div class=\"elementor-column elementor-col-50 elementor-inner-column elementor-element elementor-element-c26bf3d\" data-id=\"c26bf3d\" data-element_type=\"column\">\n\t\t\t<div class=\"elementor-widget-wrap elementor-element-populated\">\n\t\t\t\t\t\t<div class=\"elementor-element elementor-element-2e9b9f0 elementor-button-outline_dark elementor-align-left animated-fast elementor-invisible elementor-widget elementor-widget-button\" data-id=\"2e9b9f0\" data-element_type=\"widget\" data-settings=\"{&quot;_animation&quot;:&quot;opal-scale-up&quot;}\" data-widget_type=\"button.default\">\n\t\t\t\t<div class=\"elementor-widget-container\">\n\t\t\t        <div class=\"elementor-button-wrapper\">\n            <a href=\"#curriculum\" class=\"elementor-button-link elementor-button elementor-size-xs\" role=\"button\">\n                \t\t<span class=\"elementor-button-content-wrapper\">\n\t\t\t\t\t\t\t\t\t<span class=\"elementor-button-text\">CURR\u00cdCULUM<\/span>\n\t\t\t\t\t<\/span>\n\t\t            <\/a>\n        <\/div>\n        \t\t<\/div>\n\t\t\t\t<\/div>\n\t\t\t\t\t<\/div>\n\t\t<\/div>\n\t\t\t\t<div class=\"elementor-column elementor-col-50 elementor-inner-column elementor-element elementor-element-942a40f\" data-id=\"942a40f\" data-element_type=\"column\">\n\t\t\t<div class=\"elementor-widget-wrap elementor-element-populated\">\n\t\t\t\t\t\t<div class=\"elementor-element elementor-element-71341b9 elementor-button-outline_dark elementor-align-left animated-fast elementor-invisible elementor-widget elementor-widget-button\" data-id=\"71341b9\" data-element_type=\"widget\" data-settings=\"{&quot;_animation&quot;:&quot;opal-scale-up&quot;}\" data-widget_type=\"button.default\">\n\t\t\t\t<div class=\"elementor-widget-container\">\n\t\t\t        <div class=\"elementor-button-wrapper\">\n            <a href=\"#productos\" class=\"elementor-button-link elementor-button elementor-size-xs\" role=\"button\">\n                \t\t<span class=\"elementor-button-content-wrapper\">\n\t\t\t\t\t\t\t\t\t<span class=\"elementor-button-text\">PRODUCTOS<\/span>\n\t\t\t\t\t<\/span>\n\t\t            <\/a>\n        <\/div>\n        \t\t<\/div>\n\t\t\t\t<\/div>\n\t\t\t\t\t<\/div>\n\t\t<\/div>\n\t\t\t\t\t<\/div>\n\t\t<\/section>\n\t\t\t\t\t<\/div>\n\t\t<\/div>\n\t\t\t\t\t<\/div>\n\t\t<\/section>\n\t\t\t\t<section class=\"elementor-section elementor-top-section elementor-element elementor-element-99b61e9 elementor-section-stretched elementor-section-content-top elementor-section-boxed elementor-section-height-default elementor-section-height-default\" data-id=\"99b61e9\" data-element_type=\"section\" id=\"curriculum\" data-settings=\"{&quot;stretch_section&quot;:&quot;section-stretched&quot;,&quot;background_background&quot;:&quot;classic&quot;}\">\n\t\t\t\t\t\t<div class=\"elementor-container elementor-column-gap-wider\">\n\t\t\t\t\t<div class=\"elementor-column elementor-col-100 elementor-top-column elementor-element elementor-element-b3f1641\" data-id=\"b3f1641\" data-element_type=\"column\">\n\t\t\t<div class=\"elementor-widget-wrap elementor-element-populated\">\n\t\t\t\t\t\t<div class=\"elementor-element elementor-element-06e318c elementor-widget__width-inherit animated-fast elementor-widget-mobile__width-inherit elementor-invisible elementor-widget elementor-widget-heading\" data-id=\"06e318c\" data-element_type=\"widget\" data-settings=\"{&quot;_animation&quot;:&quot;opal-move-up&quot;}\" data-widget_type=\"heading.default\">\n\t\t\t\t<div class=\"elementor-widget-container\">\n\t\t\t<div class=\"elementor-heading-wrapper\" ><span class=\"sub-title\">cv \/ trayectoria <\/span><div class=\"elementor-heading-wrapper-inner\"><h2 class=\"elementor-heading-title elementor-size-default\">Dora Good<\/h2><\/div><\/div>\t\t<\/div>\n\t\t\t\t<\/div>\n\t\t\t\t<div class=\"elementor-element elementor-element-33fd9f4 animated-fast elementor-invisible elementor-widget elementor-widget-text-editor\" data-id=\"33fd9f4\" data-element_type=\"widget\" data-settings=\"{&quot;_animation&quot;:&quot;opal-move-up&quot;}\" data-widget_type=\"text-editor.default\">\n\t\t\t\t<div class=\"elementor-widget-container\">\n\t\t\t        <div class=\"elementor-text-editor elementor-clearfix\"><p><strong>La historia hasta ahora&#8230;<\/strong><\/p><p>Soy ceramista en un peque\u00f1o pueblo de monta\u00f1a llamado Deia en la isla de Mallorca. He estado rodeado de arcilla desde que era peque\u00f1o en el estudio de cer\u00e1mica de mi familia, pero mi verdadera pasi\u00f3n por la arcilla comenz\u00f3 hace poco m\u00e1s de 5 a\u00f1os. Despu\u00e9s de ver a un alfarero en el trabajo, dej\u00e9 mi trabajo y compr\u00e9 una rueda. Me ense\u00f1\u00e9 a ti mismo c\u00f3mo tirar, y con mi madre convirti\u00f3 un viejo horno el\u00e9ctrico en un horno de gas y comenc\u00e9 mi aventura. No siempre ha sido f\u00e1cil, pero ha sido extremadamente gratificante.<\/p><p>Creo piezas \u00fanicas y \u00fanicas, todo el proceso comienza y termina con mis manos. Todo lo que hago es arrojado a mano y hecho a mano. Todas mis piezas est\u00e1n hechas de arcillas de gres y terminadas con esmaltes de alto fuego o t\u00e9cnicas primitivas, como la cocci\u00f3n negra. La inspiraci\u00f3n para mis dise\u00f1os proviene de mi entorno; Siento que mi trabajo es una b\u00fasqueda para expresar el equilibrio de la naturaleza, de la perfecci\u00f3n imperfecta, lo crudo y lo refinado, la l\u00ednea y la curva, el espacio o la falta de ella. Encuentro todo el proceso de transformar la tierra en un objeto de belleza, ya sea ornamental o funcional, completamente cautivador.<\/p><\/div>\n        \t\t<\/div>\n\t\t\t\t<\/div>\n\t\t\t\t\t<\/div>\n\t\t<\/div>\n\t\t\t\t\t<\/div>\n\t\t<\/section>\n\t\t\t\t<section class=\"elementor-section elementor-top-section elementor-element elementor-element-e669e7f elementor-section-boxed elementor-section-height-default elementor-section-height-default\" data-id=\"e669e7f\" data-element_type=\"section\" id=\"productos\" data-settings=\"{&quot;background_background&quot;:&quot;classic&quot;}\">\n\t\t\t\t\t\t\t<div class=\"elementor-background-overlay\"><\/div>\n\t\t\t\t\t\t\t<div class=\"elementor-container elementor-column-gap-no\">\n\t\t\t\t\t<div class=\"elementor-column elementor-col-100 elementor-top-column elementor-element elementor-element-8602f2e animated-fast elementor-invisible\" data-id=\"8602f2e\" data-element_type=\"column\" data-settings=\"{&quot;background_background&quot;:&quot;classic&quot;,&quot;animation&quot;:&quot;opal-move-left&quot;}\">\n\t\t\t<div class=\"elementor-widget-wrap elementor-element-populated\">\n\t\t\t\t\t\t<div class=\"elementor-element elementor-element-a3cc7cb elementor-widget elementor-widget-heading\" data-id=\"a3cc7cb\" data-element_type=\"widget\" data-widget_type=\"heading.default\">\n\t\t\t\t<div class=\"elementor-widget-container\">\n\t\t\t<div class=\"elementor-heading-wrapper\" ><div class=\"elementor-heading-wrapper-inner\"><h2 class=\"elementor-heading-title elementor-size-default\">Productos de Dora Good<\/h2><\/div><\/div>\t\t<\/div>\n\t\t\t\t<\/div>\n\t\t\t\t<div class=\"elementor-element elementor-element-e959c27 elementor-widget elementor-widget-text-editor\" data-id=\"e959c27\" data-element_type=\"widget\" data-widget_type=\"text-editor.default\">\n\t\t\t\t<div class=\"elementor-widget-container\">\n\t\t\t        <div class=\"elementor-text-editor elementor-clearfix\"><p>Estos son algunos productos de Dora Good, si quiere ver m\u00e1s puede ir a la Tienda Online.<\/p><\/div>\n        \t\t<\/div>\n\t\t\t\t<\/div>\n\t\t\t\t\t<\/div>\n\t\t<\/div>\n\t\t\t\t\t<\/div>\n\t\t<\/section>\n\t\t\t\t<section class=\"elementor-section elementor-top-section elementor-element elementor-element-b1bd32c elementor-section-full_width elementor-section-height-default elementor-section-height-default\" data-id=\"b1bd32c\" data-element_type=\"section\">\n\t\t\t\t\t\t<div class=\"elementor-container elementor-column-gap-default\">\n\t\t\t\t\t<div class=\"elementor-column elementor-col-100 elementor-top-column elementor-element elementor-element-a01a112\" data-id=\"a01a112\" data-element_type=\"column\">\n\t\t\t<div class=\"elementor-widget-wrap elementor-element-populated\">\n\t\t\t\t\t\t<div class=\"elementor-element elementor-element-ca0fedb owl-nav-align-right elementor-widget elementor-widget-opal-products\" data-id=\"ca0fedb\" data-element_type=\"widget\" data-widget_type=\"opal-products.default\">\n\t\t\t\t<div class=\"elementor-widget-container\">\n\t\t\t<div class=\"woocommerce columns-3 elementor-product-style-grid\"><ul class=\"products columns-3\">\n<li class=\"product type-product post-5734 status-publish first instock product_cat-dora-good-de product_cat-keramik product_cat-objekte has-post-thumbnail shipping-taxable purchasable product-type-simple\">\n\t<div class=\"product-block\"><div class=\"product-transition\"><div class=\"product-img-wrap none\">\n    <div class=\"inner\">\n        <div class=\"product-image\"><img decoding=\"async\" width=\"300\" height=\"300\" data-src=\"https:\/\/www.arteartesania.com\/wp-content\/uploads\/2020\/03\/BOTELLA-REDONDA-NEGRA-ACHATADA-300x300.jpg\" class=\"attachment-woocommerce_thumbnail size-woocommerce_thumbnail lazyload\" alt=\"dora good cer\u00e1mica, jarrones de cer\u00e1mica,\" data-srcset=\"https:\/\/www.arteartesania.com\/wp-content\/uploads\/2020\/03\/BOTELLA-REDONDA-NEGRA-ACHATADA-300x300.jpg 300w, https:\/\/www.arteartesania.com\/wp-content\/uploads\/2020\/03\/BOTELLA-REDONDA-NEGRA-ACHATADA-150x150.jpg 150w, https:\/\/www.arteartesania.com\/wp-content\/uploads\/2020\/03\/BOTELLA-REDONDA-NEGRA-ACHATADA-100x100.jpg 100w\" data-sizes=\"(max-width: 300px) 100vw, 300px\" src=\"data:image\/gif;base64,R0lGODlhAQABAAAAACH5BAEKAAEALAAAAAABAAEAAAICTAEAOw==\" style=\"--smush-placeholder-width: 300px; --smush-placeholder-aspect-ratio: 300\/300;\" \/><noscript><img decoding=\"async\" width=\"300\" height=\"300\" src=\"https:\/\/www.arteartesania.com\/wp-content\/uploads\/2020\/03\/BOTELLA-REDONDA-NEGRA-ACHATADA-300x300.jpg\" class=\"attachment-woocommerce_thumbnail size-woocommerce_thumbnail\" alt=\"dora good cer\u00e1mica, jarrones de cer\u00e1mica,\" srcset=\"https:\/\/www.arteartesania.com\/wp-content\/uploads\/2020\/03\/BOTELLA-REDONDA-NEGRA-ACHATADA-300x300.jpg 300w, https:\/\/www.arteartesania.com\/wp-content\/uploads\/2020\/03\/BOTELLA-REDONDA-NEGRA-ACHATADA-150x150.jpg 150w, https:\/\/www.arteartesania.com\/wp-content\/uploads\/2020\/03\/BOTELLA-REDONDA-NEGRA-ACHATADA-100x100.jpg 100w\" sizes=\"(max-width: 300px) 100vw, 300px\" \/><\/noscript><\/div><div class=\"product-image second-image\"><img decoding=\"async\" width=\"300\" height=\"300\" data-src=\"https:\/\/www.arteartesania.com\/wp-content\/uploads\/2020\/03\/BOTELLA-REDONDA-NEGRA-ACHATADA4-300x300.jpg\" class=\"attachment-woocommerce_thumbnail size-woocommerce_thumbnail lazyload\" alt=\"dora good cer\u00e1mica, jarrones de cer\u00e1mica,\" data-srcset=\"https:\/\/www.arteartesania.com\/wp-content\/uploads\/2020\/03\/BOTELLA-REDONDA-NEGRA-ACHATADA4-300x300.jpg 300w, https:\/\/www.arteartesania.com\/wp-content\/uploads\/2020\/03\/BOTELLA-REDONDA-NEGRA-ACHATADA4-150x150.jpg 150w, https:\/\/www.arteartesania.com\/wp-content\/uploads\/2020\/03\/BOTELLA-REDONDA-NEGRA-ACHATADA4-100x100.jpg 100w\" data-sizes=\"(max-width: 300px) 100vw, 300px\" src=\"data:image\/gif;base64,R0lGODlhAQABAAAAACH5BAEKAAEALAAAAAABAAEAAAICTAEAOw==\" style=\"--smush-placeholder-width: 300px; --smush-placeholder-aspect-ratio: 300\/300;\" \/><noscript><img decoding=\"async\" width=\"300\" height=\"300\" src=\"https:\/\/www.arteartesania.com\/wp-content\/uploads\/2020\/03\/BOTELLA-REDONDA-NEGRA-ACHATADA4-300x300.jpg\" class=\"attachment-woocommerce_thumbnail size-woocommerce_thumbnail\" alt=\"dora good cer\u00e1mica, jarrones de cer\u00e1mica,\" srcset=\"https:\/\/www.arteartesania.com\/wp-content\/uploads\/2020\/03\/BOTELLA-REDONDA-NEGRA-ACHATADA4-300x300.jpg 300w, https:\/\/www.arteartesania.com\/wp-content\/uploads\/2020\/03\/BOTELLA-REDONDA-NEGRA-ACHATADA4-150x150.jpg 150w, https:\/\/www.arteartesania.com\/wp-content\/uploads\/2020\/03\/BOTELLA-REDONDA-NEGRA-ACHATADA4-100x100.jpg 100w\" sizes=\"(max-width: 300px) 100vw, 300px\" \/><\/noscript><\/div>\n    <\/div>\n<\/div>        <div class=\"group-action\">\n            <div class=\"shop-action\">\n                <div class=\"opal-add-to-cart-button\"><a href=\"?add-to-cart=5734\" aria-describedby=\"woocommerce_loop_add_to_cart_link_describedby_5734\" data-quantity=\"1\" class=\"button product_type_simple add_to_cart_button ajax_add_to_cart\" data-product_id=\"5734\" data-product_sku=\"\" aria-label=\"In den Warenkorb legen: \u201eAbgeflachte schwarze runde Flasche   DORA GOOD\u201c\" rel=\"nofollow\" data-success_message=\"\u201eAbgeflachte schwarze runde Flasche   DORA GOOD\u201c wurde deinem Warenkorb hinzugef\u00fcgt\">In den Warenkorb<\/a><\/div>\t<span id=\"woocommerce_loop_add_to_cart_link_describedby_5734\" class=\"screen-reader-text\">\n\t\t\t<\/span>\n            <\/div>\n        <\/div>\n        <a href=\"https:\/\/www.arteartesania.com\/de\/producto\/botella-redonda-negra-achatada\/\" class=\"woocommerce-LoopProduct-link woocommerce-loop-product__link\"><\/a><\/div><div class=\"caption\"><h3 class=\"woocommerce-loop-product__title\"><a href=\"https:\/\/www.arteartesania.com\/de\/producto\/botella-redonda-negra-achatada\/\">Abgeflachte schwarze runde Flasche   DORA GOOD<\/a><\/h3>\n\t<span class=\"price\"><span class=\"woocommerce-Price-amount amount\"><bdi>320.00<span class=\"woocommerce-Price-currencySymbol\">&euro;<\/span><\/bdi><\/span><\/span>\n<\/div><\/div><\/li>\n<\/ul>\n<\/div>\t\t<\/div>\n\t\t\t\t<\/div>\n\t\t\t\t\t<\/div>\n\t\t<\/div>\n\t\t\t\t\t<\/div>\n\t\t<\/section>\n\t\t\t\t<section class=\"elementor-section elementor-top-section elementor-element elementor-element-f7b8c3b elementor-section-boxed elementor-section-height-default elementor-section-height-default\" data-id=\"f7b8c3b\" data-element_type=\"section\" data-settings=\"{&quot;background_background&quot;:&quot;classic&quot;}\">\n\t\t\t\t\t\t\t<div class=\"elementor-background-overlay\"><\/div>\n\t\t\t\t\t\t\t<div class=\"elementor-container elementor-column-gap-no\">\n\t\t\t\t\t<div class=\"elementor-column elementor-col-100 elementor-top-column elementor-element elementor-element-c6d095a animated-fast elementor-invisible\" data-id=\"c6d095a\" data-element_type=\"column\" data-settings=\"{&quot;background_background&quot;:&quot;classic&quot;,&quot;animation&quot;:&quot;opal-move-left&quot;}\">\n\t\t\t<div class=\"elementor-widget-wrap elementor-element-populated\">\n\t\t\t\t\t\t<div class=\"elementor-element elementor-element-bbe8722 elementor-button-outline_dark elementor-align-center elementor-widget elementor-widget-button\" data-id=\"bbe8722\" data-element_type=\"widget\" data-widget_type=\"button.default\">\n\t\t\t\t<div class=\"elementor-widget-container\">\n\t\t\t        <div class=\"elementor-button-wrapper\">\n            <a href=\"https:\/\/www.arteartesania.com\/de\/categoria-producto\/kuenstler\/dora-good-de\/\" class=\"elementor-button-link elementor-button elementor-size-sm\" role=\"button\">\n                \t\t<span class=\"elementor-button-content-wrapper\">\n\t\t\t\t\t\t\t\t\t<span class=\"elementor-button-text\">Ver todos los productos de Dora Good<\/span>\n\t\t\t\t\t<\/span>\n\t\t            <\/a>\n        <\/div>\n        \t\t<\/div>\n\t\t\t\t<\/div>\n\t\t\t\t\t<\/div>\n\t\t<\/div>\n\t\t\t\t\t<\/div>\n\t\t<\/section>\n\t\t\t\t<section class=\"elementor-section elementor-top-section elementor-element elementor-element-4dcc900 elementor-section-stretched elementor-section-boxed elementor-section-height-default elementor-section-height-default\" data-id=\"4dcc900\" data-element_type=\"section\" data-settings=\"{&quot;background_background&quot;:&quot;classic&quot;,&quot;stretch_section&quot;:&quot;section-stretched&quot;}\">\n\t\t\t\t\t\t\t<div class=\"elementor-background-overlay\"><\/div>\n\t\t\t\t\t\t\t<div class=\"elementor-container elementor-column-gap-no\">\n\t\t\t\t\t<div class=\"elementor-column elementor-col-100 elementor-top-column elementor-element elementor-element-7d96370 animated-fast elementor-invisible\" data-id=\"7d96370\" data-element_type=\"column\" data-settings=\"{&quot;background_background&quot;:&quot;classic&quot;,&quot;animation&quot;:&quot;opal-move-left&quot;}\">\n\t\t\t<div class=\"elementor-widget-wrap elementor-element-populated\">\n\t\t\t\t\t\t<div class=\"elementor-element elementor-element-ecc81bb elementor-widget elementor-widget-heading\" data-id=\"ecc81bb\" data-element_type=\"widget\" data-widget_type=\"heading.default\">\n\t\t\t\t<div class=\"elementor-widget-container\">\n\t\t\t<div class=\"elementor-heading-wrapper\" ><div class=\"elementor-heading-wrapper-inner\"><h2 class=\"elementor-heading-title elementor-size-default\">Exposiciones<\/h2><\/div><\/div>\t\t<\/div>\n\t\t\t\t<\/div>\n\t\t\t\t<div class=\"elementor-element elementor-element-b6eda64 elementor-widget elementor-widget-text-editor\" data-id=\"b6eda64\" data-element_type=\"widget\" data-widget_type=\"text-editor.default\">\n\t\t\t\t<div class=\"elementor-widget-container\">\n\t\t\t        <div class=\"elementor-text-editor elementor-clearfix\"><p>\u00daltimas exposiciones de Dora Good<\/p><\/div>\n        \t\t<\/div>\n\t\t\t\t<\/div>\n\t\t\t\t<div class=\"elementor-element elementor-element-dbe6e69 elementor-widget elementor-widget-opal-post-grid\" data-id=\"dbe6e69\" data-element_type=\"widget\" data-widget_type=\"opal-post-grid.default\">\n\t\t\t\t<div class=\"elementor-widget-container\">\n\t\t\t        <div class=\"elementor-post-wrapper post-style-1\">\n            <div class=\"row\" data-elementor-columns=\"3\" data-elementor-columns-tablet=\"1\" data-elementor-columns-mobile=\"1\">\n\n                <div class=\"column-item post-style-1\">\n    <div class=\"post-inner\">\n\n                    <div class=\"post-thumbnail\">\n                <a href=\"https:\/\/www.arteartesania.com\/de\/exposiciones-dora-good-ceramicas\/\">\n                    <img loading=\"lazy\" decoding=\"async\" width=\"651\" height=\"700\" data-src=\"https:\/\/www.arteartesania.com\/wp-content\/uploads\/2021\/01\/CARTEL-DORA-GOOD_WEBVERSION-651x700.png\" class=\"attachment-quapa-featured-image-full size-quapa-featured-image-full wp-post-image lazyload\" alt=\"CARTEL DORA GOOD_WEBVERSION\" src=\"data:image\/gif;base64,R0lGODlhAQABAAAAACH5BAEKAAEALAAAAAABAAEAAAICTAEAOw==\" style=\"--smush-placeholder-width: 651px; --smush-placeholder-aspect-ratio: 651\/700;\" \/><noscript><img loading=\"lazy\" decoding=\"async\" width=\"651\" height=\"700\" src=\"https:\/\/www.arteartesania.com\/wp-content\/uploads\/2021\/01\/CARTEL-DORA-GOOD_WEBVERSION-651x700.png\" class=\"attachment-quapa-featured-image-full size-quapa-featured-image-full wp-post-image\" alt=\"CARTEL DORA GOOD_WEBVERSION\" \/><\/noscript>                <\/a>\n            <\/div><!-- .post-thumbnail -->\n\n                <div class=\"entry-header\">\n            <span class=\"cat-links\"><span class=\"screen-reader-text\">Categories<\/span><a href=\"https:\/\/www.arteartesania.com\/de\/category\/ausstellungen\/\" rel=\"category tag\">Ausstellungen<\/a> <a href=\"https:\/\/www.arteartesania.com\/de\/category\/ausstellungen\/dora-good-de\/\" rel=\"category tag\">Dora Good<\/a><\/span>            <h3 class=\"entry-title\"><a href=\"https:\/\/www.arteartesania.com\/de\/exposiciones-dora-good-ceramicas\/\">EXPOSICI\u00d3N\u00a0 &#8222;CERAMICAS&#8220;\u00a0 DORA GOOD<\/a><\/h3>\n        <\/div>\n    <\/div>\n<\/div>            <\/div>\n\n                    <\/div>\n        \t\t<\/div>\n\t\t\t\t<\/div>\n\t\t\t\t<div class=\"elementor-element elementor-element-2443a17 elementor-button-outline_dark elementor-align-center elementor-widget elementor-widget-button\" data-id=\"2443a17\" data-element_type=\"widget\" data-widget_type=\"button.default\">\n\t\t\t\t<div class=\"elementor-widget-container\">\n\t\t\t        <div class=\"elementor-button-wrapper\">\n            <a href=\"https:\/\/www.arteartesania.com\/de\/category\/ausstellungen\/dora-good-de\/\" class=\"elementor-button-link elementor-button elementor-size-sm\" role=\"button\">\n                \t\t<span class=\"elementor-button-content-wrapper\">\n\t\t\t\t\t\t\t\t\t<span class=\"elementor-button-text\">Ver exposiciones de Dora Good<\/span>\n\t\t\t\t\t<\/span>\n\t\t            <\/a>\n        <\/div>\n        \t\t<\/div>\n\t\t\t\t<\/div>\n\t\t\t\t\t<\/div>\n\t\t<\/div>\n\t\t\t\t\t<\/div>\n\t\t<\/section>\n\t\t\t\t<\/div>\n\t\t","protected":false},"excerpt":{"rendered":"<p>CER\u00c1MICA Dora Good Dora Good es una Artesana radicada en Deia, Sus piezas est\u00e1n hechas de arcillas de gres y terminadas con esmaltes de alto fuego o t\u00e9cnicas primitivas, como la cocci\u00f3n negra CURR\u00cdCULUM PRODUCTOS cv \/ trayectoria Dora Good La historia hasta ahora&#8230; Soy ceramista en un peque\u00f1o pueblo de monta\u00f1a llamado Deia en &hellip; <\/p>\n<p class=\"link-more\"><a href=\"https:\/\/www.arteartesania.com\/de\/exposiciones-dora-good-ceramicas\/\" class=\"more-link\">Read More <span class=\"screen-reader-text\"> &#8222;EXPOSICI\u00d3N\u00a0 &#8222;CERAMICAS&#8220;\u00a0 DORA GOOD&#8220;<\/span><\/a><\/p>\n","protected":false},"author":1,"featured_media":0,"parent":4438,"menu_order":0,"comment_status":"closed","ping_status":"closed","template":"","meta":{"_acf_changed":false,"inline_featured_image":false,"footnotes":""},"class_list":["post-4508","page","type-page","status-publish","hentry"],"acf":[],"yoast_head":"<!-- This site is optimized with the Yoast SEO plugin v23.6 - https:\/\/yoast.com\/wordpress\/plugins\/seo\/ -->\n<title>Kuenstler in Arteartesania - Dora Good Keramikarbeiten<\/title>\n<meta name=\"robots\" content=\"index, follow, max-snippet:-1, max-image-preview:large, max-video-preview:-1\" \/>\n<link rel=\"canonical\" href=\"https:\/\/www.arteartesania.com\/de\/kuenstler\/dora-good\/\" \/>\n<meta property=\"og:locale\" content=\"de_DE\" \/>\n<meta property=\"og:type\" content=\"article\" \/>\n<meta property=\"og:title\" content=\"Kuenstler in Arteartesania - Dora Good Keramikarbeiten\" \/>\n<meta property=\"og:description\" content=\"CER\u00c1MICA Dora Good Dora Good es una Artesana radicada en Deia, Sus piezas est\u00e1n hechas de arcillas de gres y terminadas con esmaltes de alto fuego o t\u00e9cnicas primitivas, como la cocci\u00f3n negra CURR\u00cdCULUM PRODUCTOS cv \/ trayectoria Dora Good La historia hasta ahora&#8230; Soy ceramista en un peque\u00f1o pueblo de monta\u00f1a llamado Deia en &hellip; Read More &quot;EXPOSICI\u00d3N\u00a0 &#8222;CERAMICAS&#8220;\u00a0 DORA GOOD&quot;\" \/>\n<meta property=\"og:url\" content=\"https:\/\/www.arteartesania.com\/de\/kuenstler\/dora-good\/\" \/>\n<meta property=\"og:site_name\" content=\"Arteartesania\" \/>\n<meta property=\"article:modified_time\" content=\"2020-07-09T09:55:52+00:00\" \/>\n<meta property=\"og:image\" content=\"https:\/\/www.arteartesania.com\/wp-content\/uploads\/2020\/02\/DORA_GOOD.jpg\" \/>\n<meta name=\"twitter:card\" content=\"summary_large_image\" \/>\n<meta name=\"twitter:label1\" content=\"Gesch\u00e4tzte Lesezeit\" \/>\n\t<meta name=\"twitter:data1\" content=\"2\u00a0Minuten\" \/>\n<script type=\"application\/ld+json\" class=\"yoast-schema-graph\">{\"@context\":\"https:\/\/schema.org\",\"@graph\":[{\"@type\":\"WebPage\",\"@id\":\"https:\/\/www.arteartesania.com\/de\/kuenstler\/dora-good\/\",\"url\":\"https:\/\/www.arteartesania.com\/de\/kuenstler\/dora-good\/\",\"name\":\"Kuenstler in Arteartesania - Dora Good Keramikarbeiten\",\"isPartOf\":{\"@id\":\"https:\/\/www.arteartesania.com\/de\/#website\"},\"primaryImageOfPage\":{\"@id\":\"https:\/\/www.arteartesania.com\/de\/kuenstler\/dora-good\/#primaryimage\"},\"image\":{\"@id\":\"https:\/\/www.arteartesania.com\/de\/kuenstler\/dora-good\/#primaryimage\"},\"thumbnailUrl\":\"https:\/\/www.arteartesania.com\/wp-content\/uploads\/2020\/02\/DORA_GOOD.jpg\",\"datePublished\":\"2020-02-03T13:48:00+00:00\",\"dateModified\":\"2020-07-09T09:55:52+00:00\",\"breadcrumb\":{\"@id\":\"https:\/\/www.arteartesania.com\/de\/kuenstler\/dora-good\/#breadcrumb\"},\"inLanguage\":\"de\",\"potentialAction\":[{\"@type\":\"ReadAction\",\"target\":[\"https:\/\/www.arteartesania.com\/de\/kuenstler\/dora-good\/\"]}]},{\"@type\":\"ImageObject\",\"inLanguage\":\"de\",\"@id\":\"https:\/\/www.arteartesania.com\/de\/kuenstler\/dora-good\/#primaryimage\",\"url\":\"https:\/\/www.arteartesania.com\/wp-content\/uploads\/2020\/02\/DORA_GOOD.jpg\",\"contentUrl\":\"https:\/\/www.arteartesania.com\/wp-content\/uploads\/2020\/02\/DORA_GOOD.jpg\"},{\"@type\":\"BreadcrumbList\",\"@id\":\"https:\/\/www.arteartesania.com\/de\/kuenstler\/dora-good\/#breadcrumb\",\"itemListElement\":[{\"@type\":\"ListItem\",\"position\":1,\"name\":\"Portada\",\"item\":\"https:\/\/www.arteartesania.com\/de\/\"},{\"@type\":\"ListItem\",\"position\":2,\"name\":\"K\u00fcnstler\",\"item\":\"https:\/\/www.arteartesania.com\/de\/kuenstler\/\"},{\"@type\":\"ListItem\",\"position\":3,\"name\":\"Dora Good\"}]},{\"@type\":\"WebSite\",\"@id\":\"https:\/\/www.arteartesania.com\/de\/#website\",\"url\":\"https:\/\/www.arteartesania.com\/de\/\",\"name\":\"Arteartesania\",\"description\":\"Original selecci\u00f3n de Artesan\u00eda Contempor\u00e1nea de Autor\",\"publisher\":{\"@id\":\"https:\/\/www.arteartesania.com\/de\/#organization\"},\"potentialAction\":[{\"@type\":\"SearchAction\",\"target\":{\"@type\":\"EntryPoint\",\"urlTemplate\":\"https:\/\/www.arteartesania.com\/de\/?s={search_term_string}\"},\"query-input\":{\"@type\":\"PropertyValueSpecification\",\"valueRequired\":true,\"valueName\":\"search_term_string\"}}],\"inLanguage\":\"de\"},{\"@type\":\"Organization\",\"@id\":\"https:\/\/www.arteartesania.com\/de\/#organization\",\"name\":\"Arteartesania\",\"url\":\"https:\/\/www.arteartesania.com\/de\/\",\"logo\":{\"@type\":\"ImageObject\",\"inLanguage\":\"de\",\"@id\":\"https:\/\/www.arteartesania.com\/de\/#\/schema\/logo\/image\/\",\"url\":\"https:\/\/www.arteartesania.com\/wp-content\/uploads\/2019\/12\/cropped-logofooter.png\",\"contentUrl\":\"https:\/\/www.arteartesania.com\/wp-content\/uploads\/2019\/12\/cropped-logofooter.png\",\"width\":539,\"height\":58,\"caption\":\"Arteartesania\"},\"image\":{\"@id\":\"https:\/\/www.arteartesania.com\/de\/#\/schema\/logo\/image\/\"}}]}<\/script>\n<!-- \/ Yoast SEO plugin. -->","yoast_head_json":{"title":"Kuenstler in Arteartesania - Dora Good Keramikarbeiten","robots":{"index":"index","follow":"follow","max-snippet":"max-snippet:-1","max-image-preview":"max-image-preview:large","max-video-preview":"max-video-preview:-1"},"canonical":"https:\/\/www.arteartesania.com\/de\/kuenstler\/dora-good\/","og_locale":"de_DE","og_type":"article","og_title":"Kuenstler in Arteartesania - Dora Good Keramikarbeiten","og_description":"CER\u00c1MICA Dora Good Dora Good es una Artesana radicada en Deia, Sus piezas est\u00e1n hechas de arcillas de gres y terminadas con esmaltes de alto fuego o t\u00e9cnicas primitivas, como la cocci\u00f3n negra CURR\u00cdCULUM PRODUCTOS cv \/ trayectoria Dora Good La historia hasta ahora&#8230; Soy ceramista en un peque\u00f1o pueblo de monta\u00f1a llamado Deia en &hellip; Read More \"EXPOSICI\u00d3N\u00a0 &#8222;CERAMICAS&#8220;\u00a0 DORA GOOD\"","og_url":"https:\/\/www.arteartesania.com\/de\/kuenstler\/dora-good\/","og_site_name":"Arteartesania","article_modified_time":"2020-07-09T09:55:52+00:00","og_image":[{"url":"https:\/\/www.arteartesania.com\/wp-content\/uploads\/2020\/02\/DORA_GOOD.jpg"}],"twitter_card":"summary_large_image","twitter_misc":{"Gesch\u00e4tzte Lesezeit":"2\u00a0Minuten"},"schema":{"@context":"https:\/\/schema.org","@graph":[{"@type":"WebPage","@id":"https:\/\/www.arteartesania.com\/de\/kuenstler\/dora-good\/","url":"https:\/\/www.arteartesania.com\/de\/kuenstler\/dora-good\/","name":"Kuenstler in Arteartesania - Dora Good Keramikarbeiten","isPartOf":{"@id":"https:\/\/www.arteartesania.com\/de\/#website"},"primaryImageOfPage":{"@id":"https:\/\/www.arteartesania.com\/de\/kuenstler\/dora-good\/#primaryimage"},"image":{"@id":"https:\/\/www.arteartesania.com\/de\/kuenstler\/dora-good\/#primaryimage"},"thumbnailUrl":"https:\/\/www.arteartesania.com\/wp-content\/uploads\/2020\/02\/DORA_GOOD.jpg","datePublished":"2020-02-03T13:48:00+00:00","dateModified":"2020-07-09T09:55:52+00:00","breadcrumb":{"@id":"https:\/\/www.arteartesania.com\/de\/kuenstler\/dora-good\/#breadcrumb"},"inLanguage":"de","potentialAction":[{"@type":"ReadAction","target":["https:\/\/www.arteartesania.com\/de\/kuenstler\/dora-good\/"]}]},{"@type":"ImageObject","inLanguage":"de","@id":"https:\/\/www.arteartesania.com\/de\/kuenstler\/dora-good\/#primaryimage","url":"https:\/\/www.arteartesania.com\/wp-content\/uploads\/2020\/02\/DORA_GOOD.jpg","contentUrl":"https:\/\/www.arteartesania.com\/wp-content\/uploads\/2020\/02\/DORA_GOOD.jpg"},{"@type":"BreadcrumbList","@id":"https:\/\/www.arteartesania.com\/de\/kuenstler\/dora-good\/#breadcrumb","itemListElement":[{"@type":"ListItem","position":1,"name":"Portada","item":"https:\/\/www.arteartesania.com\/de\/"},{"@type":"ListItem","position":2,"name":"K\u00fcnstler","item":"https:\/\/www.arteartesania.com\/de\/kuenstler\/"},{"@type":"ListItem","position":3,"name":"Dora Good"}]},{"@type":"WebSite","@id":"https:\/\/www.arteartesania.com\/de\/#website","url":"https:\/\/www.arteartesania.com\/de\/","name":"Arteartesania","description":"Original selecci\u00f3n de Artesan\u00eda Contempor\u00e1nea de Autor","publisher":{"@id":"https:\/\/www.arteartesania.com\/de\/#organization"},"potentialAction":[{"@type":"SearchAction","target":{"@type":"EntryPoint","urlTemplate":"https:\/\/www.arteartesania.com\/de\/?s={search_term_string}"},"query-input":{"@type":"PropertyValueSpecification","valueRequired":true,"valueName":"search_term_string"}}],"inLanguage":"de"},{"@type":"Organization","@id":"https:\/\/www.arteartesania.com\/de\/#organization","name":"Arteartesania","url":"https:\/\/www.arteartesania.com\/de\/","logo":{"@type":"ImageObject","inLanguage":"de","@id":"https:\/\/www.arteartesania.com\/de\/#\/schema\/logo\/image\/","url":"https:\/\/www.arteartesania.com\/wp-content\/uploads\/2019\/12\/cropped-logofooter.png","contentUrl":"https:\/\/www.arteartesania.com\/wp-content\/uploads\/2019\/12\/cropped-logofooter.png","width":539,"height":58,"caption":"Arteartesania"},"image":{"@id":"https:\/\/www.arteartesania.com\/de\/#\/schema\/logo\/image\/"}}]}},"_links":{"self":[{"href":"https:\/\/www.arteartesania.com\/de\/wp-json\/wp\/v2\/pages\/4508"}],"collection":[{"href":"https:\/\/www.arteartesania.com\/de\/wp-json\/wp\/v2\/pages"}],"about":[{"href":"https:\/\/www.arteartesania.com\/de\/wp-json\/wp\/v2\/types\/page"}],"author":[{"embeddable":true,"href":"https:\/\/www.arteartesania.com\/de\/wp-json\/wp\/v2\/users\/1"}],"replies":[{"embeddable":true,"href":"https:\/\/www.arteartesania.com\/de\/wp-json\/wp\/v2\/comments?post=4508"}],"version-history":[{"count":3,"href":"https:\/\/www.arteartesania.com\/de\/wp-json\/wp\/v2\/pages\/4508\/revisions"}],"predecessor-version":[{"id":7229,"href":"https:\/\/www.arteartesania.com\/de\/wp-json\/wp\/v2\/pages\/4508\/revisions\/7229"}],"up":[{"embeddable":true,"href":"https:\/\/www.arteartesania.com\/de\/wp-json\/wp\/v2\/pages\/4438"}],"wp:attachment":[{"href":"https:\/\/www.arteartesania.com\/de\/wp-json\/wp\/v2\/media?parent=4508"}],"curies":[{"name":"wp","href":"https:\/\/api.w.org\/{rel}","templated":true}]}}